{"id":15423,"date":"2025-01-20T17:53:41","date_gmt":"2025-01-20T20:53:41","guid":{"rendered":"https:\/\/internacionalizacion.uc.cl\/home\/"},"modified":"2026-04-17T13:56:21","modified_gmt":"2026-04-17T16:56:21","slug":"home","status":"publish","type":"page","link":"https:\/\/internacionalizacion.uc.cl\/en\/","title":{"rendered":"Home"},"content":{"rendered":"<div id=\"pl-15423\"  class=\"panel-layout\" ><div id=\"pg-15423-0\"  class=\"container-fluid\" ><div class=\"siteorigin-panels-stretch row panel-row-style panel-row-style-for-15423-0\" data-stretch-type=\"full-width-stretch\" ><div id=\"pgc-15423-0-0\"  class=\"col-12\" ><div id=\"panel-15423-0-0-0\" class=\"so-panel widget widget_sow-carrusel-uc panel-first-child panel-last-child\" data-index=\"0\" ><div\n\t\t\t\n\t\t\tclass=\"so-widget-sow-carrusel-uc so-widget-sow-carrusel-uc-default-d75171398898-15423\"\n\t\t\t\n\t\t>\n\n<div class=\"uc-carousel\" data-carousel=\"uc-primary-carousel\" data-type=\"carousel\" data-items=\"1\" data-slideby=\"1\" data-loop=\"true\" data-nav=\"true\" data-autoplay=\"true\" data-controls=\"false\" data-navcontainer=\"#carousel-nav\" data-autoplaybutton=\"#carousel-autoplay\" data-autoplay-text=\"true\">\n    <div class=\"uc-primary-carousel\">\n\n                    <div class=\"primary-carousel_item uc-card card-bg--image card-gradient--bottom-black card-radius--none card-border--none\">\n                                    <img loading=\"lazy\" decoding=\"async\" width=\"1024\" height=\"276\" src=\"https:\/\/internacionalizacion.uc.cl\/wp-content\/uploads\/2026\/04\/Cabecera_Indonesia_2026-1024x276.jpg\" class=\"carousel-img\" alt=\"\" srcset=\"https:\/\/internacionalizacion.uc.cl\/wp-content\/uploads\/2026\/04\/Cabecera_Indonesia_2026-1024x276.jpg 1024w, https:\/\/internacionalizacion.uc.cl\/wp-content\/uploads\/2026\/04\/Cabecera_Indonesia_2026-300x81.jpg 300w, https:\/\/internacionalizacion.uc.cl\/wp-content\/uploads\/2026\/04\/Cabecera_Indonesia_2026-768x207.jpg 768w, https:\/\/internacionalizacion.uc.cl\/wp-content\/uploads\/2026\/04\/Cabecera_Indonesia_2026-1536x414.jpg 1536w, https:\/\/internacionalizacion.uc.cl\/wp-content\/uploads\/2026\/04\/Cabecera_Indonesia_2026-2048x552.jpg 2048w, https:\/\/internacionalizacion.uc.cl\/wp-content\/uploads\/2026\/04\/Cabecera_Indonesia_2026-420x113.jpg 420w\" sizes=\"auto, (max-width: 1024px) 100vw, 1024px\" \/>                                <div class=\"primary-carousel_item-content\">\n                    <div class=\"container mt-auto\">\n                        <div class=\"row\">\n                            <div class=\"col-lg-7\">\n                                                                                                    <h2 class=\"h1 color-white\">From the classroom to the field: UC students drive Health and Education initiatives in Indonesia<\/h2>\n                                                                                                    <p class=\"mt-12\">\n                                        <a\n                                            href=\"https:\/\/internacionalizacion.uc.cl\/noticias-uc\/del-aula-al-territorio-estudiantes-uc-impulsan-iniciativas-de-salud-y-educacion-en-indonesia\/\"\n                                            class=\"uc-btn btn-inline color-white btn-inline--icon-adjacent mt-16 no-margin-on-mobile\"\n                                            target=\"_blank\">\n                                            <span>Read more [ES]<\/span>\n                                            <i class=\"uc-icon icon-shape--rounded\">arrow_forward<\/i>\n                                        <\/a>\n                                    <\/p>\n                                                            <\/div>\n                        <\/div>\n                    <\/div>\n                <\/div>\n            <\/div>\n                    <div class=\"primary-carousel_item uc-card card-bg--image card-gradient--bottom-black card-radius--none card-border--none\">\n                                    <img loading=\"lazy\" decoding=\"async\" width=\"1024\" height=\"276\" src=\"https:\/\/internacionalizacion.uc.cl\/wp-content\/uploads\/2026\/04\/Cabecera_SamuelFernandez-1024x276.jpg\" class=\"carousel-img\" alt=\"\" srcset=\"https:\/\/internacionalizacion.uc.cl\/wp-content\/uploads\/2026\/04\/Cabecera_SamuelFernandez-1024x276.jpg 1024w, https:\/\/internacionalizacion.uc.cl\/wp-content\/uploads\/2026\/04\/Cabecera_SamuelFernandez-300x81.jpg 300w, https:\/\/internacionalizacion.uc.cl\/wp-content\/uploads\/2026\/04\/Cabecera_SamuelFernandez-768x207.jpg 768w, https:\/\/internacionalizacion.uc.cl\/wp-content\/uploads\/2026\/04\/Cabecera_SamuelFernandez-1536x414.jpg 1536w, https:\/\/internacionalizacion.uc.cl\/wp-content\/uploads\/2026\/04\/Cabecera_SamuelFernandez-2048x552.jpg 2048w, https:\/\/internacionalizacion.uc.cl\/wp-content\/uploads\/2026\/04\/Cabecera_SamuelFernandez-420x113.jpg 420w\" sizes=\"auto, (max-width: 1024px) 100vw, 1024px\" \/>                                <div class=\"primary-carousel_item-content\">\n                    <div class=\"container mt-auto\">\n                        <div class=\"row\">\n                            <div class=\"col-lg-7\">\n                                                                                                    <h2 class=\"h1 color-white\">Professor Samuel Fern\u00e1ndez: how faculty exchange connects UC with the world<\/h2>\n                                                                                                    <p class=\"mt-12\">\n                                        <a\n                                            href=\"https:\/\/internacionalizacion.uc.cl\/noticias-uc\/profesor-samuel-fernandez-como-el-intercambio-docente-conecta-a-la-uc-con-el-mundo\/\"\n                                            class=\"uc-btn btn-inline color-white btn-inline--icon-adjacent mt-16 no-margin-on-mobile\"\n                                            >\n                                            <span>Read more [ES]<\/span>\n                                            <i class=\"uc-icon icon-shape--rounded\">arrow_forward<\/i>\n                                        <\/a>\n                                    <\/p>\n                                                            <\/div>\n                        <\/div>\n                    <\/div>\n                <\/div>\n            <\/div>\n                    <div class=\"primary-carousel_item uc-card card-bg--image card-gradient--bottom-black card-radius--none card-border--none\">\n                                    <img loading=\"lazy\" decoding=\"async\" width=\"1024\" height=\"276\" src=\"https:\/\/internacionalizacion.uc.cl\/wp-content\/uploads\/2026\/03\/Cabecera_2025_Internacionalizacion-1-1024x276.jpg\" class=\"carousel-img\" alt=\"\" srcset=\"https:\/\/internacionalizacion.uc.cl\/wp-content\/uploads\/2026\/03\/Cabecera_2025_Internacionalizacion-1-1024x276.jpg 1024w, https:\/\/internacionalizacion.uc.cl\/wp-content\/uploads\/2026\/03\/Cabecera_2025_Internacionalizacion-1-300x81.jpg 300w, https:\/\/internacionalizacion.uc.cl\/wp-content\/uploads\/2026\/03\/Cabecera_2025_Internacionalizacion-1-768x207.jpg 768w, https:\/\/internacionalizacion.uc.cl\/wp-content\/uploads\/2026\/03\/Cabecera_2025_Internacionalizacion-1-1536x414.jpg 1536w, https:\/\/internacionalizacion.uc.cl\/wp-content\/uploads\/2026\/03\/Cabecera_2025_Internacionalizacion-1-2048x552.jpg 2048w, https:\/\/internacionalizacion.uc.cl\/wp-content\/uploads\/2026\/03\/Cabecera_2025_Internacionalizacion-1-420x113.jpg 420w\" sizes=\"auto, (max-width: 1024px) 100vw, 1024px\" \/>                                <div class=\"primary-carousel_item-content\">\n                    <div class=\"container mt-auto\">\n                        <div class=\"row\">\n                            <div class=\"col-lg-7\">\n                                                                                                    <h1 class=\"h1 color-white\">Start of the semester: More than 600 international students join UC<\/h1>\n                                                                                                    <p class=\"mt-12\">\n                                        <a\n                                            href=\"https:\/\/internacionalizacion.uc.cl\/noticias-uc\/inicio-de-semestre-mas-de-600-estudiantes-internacionales-se-integran-a-la-uc\/\"\n                                            class=\"uc-btn btn-inline color-white btn-inline--icon-adjacent mt-16 no-margin-on-mobile\"\n                                            target=\"_blank\">\n                                            <span>Read more [ES]<\/span>\n                                            <i class=\"uc-icon icon-shape--rounded\">arrow_forward<\/i>\n                                        <\/a>\n                                    <\/p>\n                                                            <\/div>\n                        <\/div>\n                    <\/div>\n                <\/div>\n            <\/div>\n                    <div class=\"primary-carousel_item uc-card card-bg--image card-gradient--bottom-black card-radius--none card-border--none\">\n                                    <img loading=\"lazy\" decoding=\"async\" width=\"1024\" height=\"276\" src=\"https:\/\/internacionalizacion.uc.cl\/wp-content\/uploads\/2026\/01\/Cabecera_EncuentroLideres-1-1024x276.jpg\" class=\"carousel-img\" alt=\"\" srcset=\"https:\/\/internacionalizacion.uc.cl\/wp-content\/uploads\/2026\/01\/Cabecera_EncuentroLideres-1-1024x276.jpg 1024w, https:\/\/internacionalizacion.uc.cl\/wp-content\/uploads\/2026\/01\/Cabecera_EncuentroLideres-1-300x81.jpg 300w, https:\/\/internacionalizacion.uc.cl\/wp-content\/uploads\/2026\/01\/Cabecera_EncuentroLideres-1-768x207.jpg 768w, https:\/\/internacionalizacion.uc.cl\/wp-content\/uploads\/2026\/01\/Cabecera_EncuentroLideres-1-1536x414.jpg 1536w, https:\/\/internacionalizacion.uc.cl\/wp-content\/uploads\/2026\/01\/Cabecera_EncuentroLideres-1-2048x552.jpg 2048w, https:\/\/internacionalizacion.uc.cl\/wp-content\/uploads\/2026\/01\/Cabecera_EncuentroLideres-1-420x113.jpg 420w\" sizes=\"auto, (max-width: 1024px) 100vw, 1024px\" \/>                                <div class=\"primary-carousel_item-content\">\n                    <div class=\"container mt-auto\">\n                        <div class=\"row\">\n                            <div class=\"col-lg-7\">\n                                                                                                    <h2 class=\"h1 color-white\">Meeting with UC Leaders: International Training Experiences<\/h2>\n                                                                                                    <p class=\"mt-12\">\n                                        <a\n                                            href=\"https:\/\/internacionalizacion.uc.cl\/noticias-uc\/encuentro-con-lideres-uc-experiencias-formacion-internacional\/\"\n                                            class=\"uc-btn btn-inline color-white btn-inline--icon-adjacent mt-16 no-margin-on-mobile\"\n                                            target=\"_blank\">\n                                            <span>Read more [ES]<\/span>\n                                            <i class=\"uc-icon icon-shape--rounded\">arrow_forward<\/i>\n                                        <\/a>\n                                    <\/p>\n                                                            <\/div>\n                        <\/div>\n                    <\/div>\n                <\/div>\n            <\/div>\n            <\/div>\n    <div class=\"uc-carousel-nav primary-carousel-nav\">\n        <div class=\"container\">\n            <div class=\"carousel-nav-container\">\n                <ul class=\"carousel-nav-list\" id=\"carousel-nav\">\n                                            <li class=\"carousel-nav-item\">\n                            <div class=\"number\">01<\/div>\n                            <div class=\"indicator\"><\/div>\n                        <\/li>\n                                            <li class=\"carousel-nav-item\">\n                            <div class=\"number\">02<\/div>\n                            <div class=\"indicator\"><\/div>\n                        <\/li>\n                                            <li class=\"carousel-nav-item\">\n                            <div class=\"number\">03<\/div>\n                            <div class=\"indicator\"><\/div>\n                        <\/li>\n                                            <li class=\"carousel-nav-item\">\n                            <div class=\"number\">04<\/div>\n                            <div class=\"indicator\"><\/div>\n                        <\/li>\n                                    <\/ul>\n                <div class=\"autoplay-buttons\" id=\"carousel-autoplay\"><\/div>\n            <\/div>\n        <\/div>\n    <\/div>\n<\/div><\/div><\/div><\/div><\/div><\/div><div class=\"d-none\"><div id=\"pg-15423-1\"  class=\"container\" ><div class=\"d-none row panel-row-style panel-row-style-for-15423-1\" ><div id=\"pgc-15423-1-0\"  class=\"col-12\" ><div id=\"panel-15423-1-0-0\" class=\"so-panel widget widget_sow-card-uc panel-first-child panel-last-child\" data-index=\"1\" ><div\n\t\t\t\n\t\t\tclass=\"so-widget-sow-card-uc so-widget-sow-card-uc-default-d75171398898-15423\"\n\t\t\t\n\t\t>\n<div class=\"uc-card card-type--horizontal card-gradient--bottom-blue uc-card--banner image-right  \">\n            <div class=\"imagen\">\n            <img loading=\"lazy\" decoding=\"async\" width=\"2560\" height=\"1611\" src=\"https:\/\/internacionalizacion.uc.cl\/wp-content\/uploads\/2026\/03\/Portada_VidaUniversitaria_Mesa-de-trabajo-1-1-scaled.jpg\" class=\"uc-card-img \" alt=\"\" srcset=\"https:\/\/internacionalizacion.uc.cl\/wp-content\/uploads\/2026\/03\/Portada_VidaUniversitaria_Mesa-de-trabajo-1-1-scaled.jpg 2560w, https:\/\/internacionalizacion.uc.cl\/wp-content\/uploads\/2026\/03\/Portada_VidaUniversitaria_Mesa-de-trabajo-1-1-300x189.jpg 300w, https:\/\/internacionalizacion.uc.cl\/wp-content\/uploads\/2026\/03\/Portada_VidaUniversitaria_Mesa-de-trabajo-1-1-1024x645.jpg 1024w, https:\/\/internacionalizacion.uc.cl\/wp-content\/uploads\/2026\/03\/Portada_VidaUniversitaria_Mesa-de-trabajo-1-1-768x483.jpg 768w, https:\/\/internacionalizacion.uc.cl\/wp-content\/uploads\/2026\/03\/Portada_VidaUniversitaria_Mesa-de-trabajo-1-1-1536x967.jpg 1536w, https:\/\/internacionalizacion.uc.cl\/wp-content\/uploads\/2026\/03\/Portada_VidaUniversitaria_Mesa-de-trabajo-1-1-2048x1289.jpg 2048w, https:\/\/internacionalizacion.uc.cl\/wp-content\/uploads\/2026\/03\/Portada_VidaUniversitaria_Mesa-de-trabajo-1-1-270x170.jpg 270w\" sizes=\"auto, (max-width: 2560px) 100vw, 2560px\" \/>        <\/div>\n        <div class=\"uc-card--banner-b\"><\/div>\n    \n            <div class=\"uc-card_body\">\n            <div class=\"mt-auto\">\n                                    <h3 class=\"color-white h2\">Postula Transforma e Impacta 2026<\/h3>\n                                                    <div class=\"color-white\">\n                        <p>International networks<\/p>\n                    <\/div>\n                                                    <div class=\"uc-text-divider divider-secondary my-20\"><\/div>\n                    <p>\n                        <a\n                            class=\"uc-btn btn-inline color-white\"\n                            href=\"https:\/\/forms.office.com\/pages\/responsepage.aspx?id=-tn1Xz_4wUqk0utI6goA0gQupuBqwDJLt3evnLATbGlUNk9SVFM3R1pCSk9KUU8yVjAxWFlJR0RKUy4u&#038;route=shorturl\"\n                            target=\"_blank\">\n                            Apply here                            <i class=\"uc-icon icon-shape--rounded\">arrow_forward<\/i>\n                        <\/a>\n                    <\/p>\n                            <\/div>\n        <\/div>\n    <\/div><\/div><\/div><\/div><\/div><\/div><\/div><div id=\"pg-15423-2\"  class=\"container-fluid\" ><div class=\"siteorigin-panels-stretch row panel-row-style panel-row-style-for-15423-2\" data-stretch-type=\"full\" ><div id=\"pgc-15423-2-0\"  class=\"col-12 py-60\" ><div id=\"panel-15423-2-0-0\" class=\"so-panel widget widget_siteorigin-panels-builder panel-first-child panel-last-child\" data-index=\"2\" ><div id=\"pl-w6971b32698293\"  class=\"panel-layout\" ><div id=\"pg-w6971b32698293-0\"  class=\"container\" ><div class=\"align-items-center row panel-row-style panel-row-style-for-w6971b32698293-0\" ><div id=\"pgc-w6971b32698293-0-0\"  class=\"col-md-7 col-12\" ><div id=\"panel-w6971b32698293-0-0-0\" class=\"so-panel widget widget_sow-editor panel-first-child\" data-index=\"0\" ><div class=\"panel-widget-style panel-widget-style-for-w6971b32698293-0-0-0\" ><div\n\t\t\t\n\t\t\tclass=\"so-widget-sow-editor so-widget-sow-editor-base\"\n\t\t\t\n\t\t>\n<div class=\"siteorigin-widget-tinymce textwidget\">\n\t<p>The Vice Rector's Office for International Affairs is directly associated with other internal and external units of the UC that seek to promote internationalization in Chilean higher education in a cross-cutting manner.<\/p>\n<\/div>\n<\/div><\/div><\/div><div id=\"panel-w6971b32698293-0-0-1\" class=\"widget_text so-panel widget widget_custom_html panel-last-child\" data-index=\"1\" ><div class=\"textwidget custom-html-widget\"><h2 class=\"h5 color-white\">Connected to the world<\/h2>\n<div class=\"uc-text-divider divider-secondary mt-4 mb-20\"><\/div>\n<h3 class=\"h2 color-white mb-20\">Pontificia Universidad Cat\u00f3lica de Chile positions itself as a leading international university<\/h3>\n<p class=\"color-white\">Through participation in international networks, agreements and strategic relationships, we promote collaborative work in the development of new knowledge and global dialogues with international partners.<\/p>\n<p class=\"mt-auto\"><a class=\"uc-btn btn-inline color-white\" href=\"https:\/\/internacionalizacion.uc.cl\/en\/global-linkage\/\">Go to Global Linkage <i class=\"uc-icon icon-shape--rounded\">arrow_forward<\/i><\/a><\/p><\/div><\/div><\/div><div id=\"pgc-w6971b32698293-0-1\"  class=\"col-md-5 col-12\" ><div id=\"panel-w6971b32698293-0-1-0\" class=\"so-panel widget widget_siteorigin-panels-builder panel-first-child panel-last-child\" data-index=\"2\" ><div id=\"pl-w6971b3269a470\"  class=\"panel-layout\" ><div class=\"uc-grid\"><div id=\"pg-w6971b3269a470-0\"  class=\"container\" ><div class=\"uc-grid row panel-row-style panel-row-style-for-w6971b3269a470-0\" ><div id=\"pgc-w6971b3269a470-0-0\"  class=\"col-12\" ><div id=\"panel-w6971b3269a470-0-0-0\" class=\"so-panel widget widget_sow-card-uc panel-first-child\" data-index=\"0\" ><div\n\t\t\t\n\t\t\tclass=\"so-widget-sow-card-uc so-widget-sow-card-uc-default-d75171398898\"\n\t\t\t\n\t\t>\n<div class=\"uc-card uc-card-cifra \">\n    <div class=\"uc-card_body text-center\">\n        <h3 class=\"h2 mb-16\">\n            +500        <\/h3>\n        <p>Partner institutions in 62 countries<\/p>\n    <\/div>\n<\/div><\/div><\/div><div id=\"panel-w6971b3269a470-0-0-1\" class=\"so-panel widget widget_sow-card-uc\" data-index=\"1\" ><div\n\t\t\t\n\t\t\tclass=\"so-widget-sow-card-uc so-widget-sow-card-uc-default-d75171398898\"\n\t\t\t\n\t\t>\n<div class=\"uc-card uc-card-cifra \">\n    <div class=\"uc-card_body text-center\">\n        <h3 class=\"h2 mb-16\">\n            +30        <\/h3>\n        <p>International networks<\/p>\n    <\/div>\n<\/div><\/div><\/div><div id=\"panel-w6971b3269a470-0-0-2\" class=\"so-panel widget widget_sow-card-uc\" data-index=\"2\" ><div\n\t\t\t\n\t\t\tclass=\"so-widget-sow-card-uc so-widget-sow-card-uc-default-d75171398898\"\n\t\t\t\n\t\t>\n<div class=\"uc-card uc-card-cifra \">\n    <div class=\"uc-card_body text-center\">\n        <h3 class=\"h2 mb-16\">\n            +10.000        <\/h3>\n        <p>UC exchange students since 1990<\/p>\n    <\/div>\n<\/div><\/div><\/div><div id=\"panel-w6971b3269a470-0-0-3\" class=\"so-panel widget widget_sow-card-uc panel-last-child\" data-index=\"3\" ><div\n\t\t\t\n\t\t\tclass=\"so-widget-sow-card-uc so-widget-sow-card-uc-default-d75171398898\"\n\t\t\t\n\t\t>\n<div class=\"uc-card uc-card-cifra \">\n    <div class=\"uc-card_body text-center\">\n        <h3 class=\"h2 mb-16\">\n            59%        <\/h3>\n        <p>UC publications with international collaboration in 2023<\/p>\n    <\/div>\n<\/div><\/div><\/div><\/div><\/div><\/div><\/div><\/div><\/div><\/div><\/div><\/div><\/div><\/div><\/div><\/div><\/div><div id=\"pg-15423-3\"  class=\"container\" ><div class=\"align-items-center row panel-row-style panel-row-style-for-15423-3\" ><div id=\"pgc-15423-3-0\"  class=\"col-md-8 col-12\" ><div id=\"panel-15423-3-0-0\" class=\"so-panel widget widget_sow-editor panel-first-child panel-last-child\" data-index=\"3\" ><div\n\t\t\t\n\t\t\tclass=\"so-widget-sow-editor so-widget-sow-editor-base\"\n\t\t\t\n\t\t><h3 class=\"widget-title d-flex align-items-center mb-20\">\r\nInternationalization Opportunities\r\n<span class=\"uc-heading-decoration\"><\/span>\r\n<\/h3>\n<div class=\"siteorigin-widget-tinymce textwidget\">\n\t<p>Here you can find the opportunity that suits your needs. We understand internationalization in its broadest sense, disseminating and promoting opportunities for global mobility, internationalization at home and links with institutions abroad. <\/p>\n<\/div>\n<\/div><\/div><\/div><div id=\"pgc-15423-3-1\"  class=\"col-md-4 col-12\" ><div id=\"panel-15423-3-1-0\" class=\"so-panel widget widget_sow-boton-uc panel-first-child panel-last-child\" data-index=\"4\" ><div\n\t\t\t\n\t\t\tclass=\"so-widget-sow-boton-uc so-widget-sow-boton-uc-default-d75171398898-15423\"\n\t\t\t\n\t\t>\n    <div class=\"text-md-right\">\n        <a href=\"https:\/\/internacionalizacion.uc.cl\/oportunidades\/\" class=\"text-center uc-btn btn-inline\">\n            More Opportunities                            <i class=\"uc-icon icon-shape--rounded\">arrow_forward<\/i>\n                    <\/a>\n    <\/div>\n<\/div><\/div><\/div><\/div><\/div><div id=\"pg-15423-4\"  class=\"container\" ><div class=\"row panel-row-style panel-row-style-for-15423-4\" ><div id=\"pgc-15423-4-0\"  class=\"col-12\" ><div id=\"panel-15423-4-0-0\" class=\"so-panel widget widget_sow-oportunidades-uc panel-first-child panel-last-child\" data-index=\"5\" ><div\n\t\t\t\n\t\t\tclass=\"so-widget-sow-oportunidades-uc so-widget-sow-oportunidades-uc-default-d75171398898-15423\"\n\t\t\t\n\t\t>\n\n    <div class=\"row\">\n                    <div class=\"col-md-4 mb-40\">\n\n                                    <div\n    class=\"uc-card card-bg--image card-gradient--bottom-blue  card-height--same\">\n    <img decoding=\"async\"\n        class=\"uc-card-img\"\n        src=\"https:\/\/internacionalizacion.uc.cl\/wp-content\/uploads\/2026\/01\/hangyan-uni.webp\"\n        alt=\"Vive una Escuela de Verano en Corea\" \/>\n\n    <div class=\"uc-card_body uc-card_body--absolute\">\n        <div\n            class=\"uc-card card-type--event  card-height--same\"\n            style=\"height: fit-content\">\n                                                <div class=\"uc-card card-type--date card-type--date-abierta h5\">\n                        Abierta\n                    <\/div>\n                                        <div class=\"uc-card_body\">\n                <h3 class=\"h4\">Vive una Escuela de Verano en Corea<\/h3>\n                <div class=\"uc-text-divider divider-secondary mt-8 mb-20\"><\/div>\n                <div class=\"uc-card_event--content\">\n                    <p class=\"mb-4\">Postulaciones<\/p>\n                    <div class=\"date\"><b>Desde 26 de January de 2026<\/b><\/div>\n                                            <div class=\"date\"><b>Hasta 30 de April de 2026<\/b><\/div>\n                                                                <p><\/p>\n                        <div class=\"venue\">Hangyan University ERICA<\/div>\n                    \n                                                                                            <a href=\"https:\/\/internacionalizacion.uc.cl\/int_uc-publicos\/publico-general\/\" class=\"uc-tag mb-12\">P\u00fablico General<\/a>\n                                                                \n                    <p class=\"mt-auto text-right\">\n                        <a href=\"https:\/\/internacionalizacion.uc.cl\/en\/oportunidad\/vive-una-escuela-de-verano-en-korea\/\" class=\"uc-btn btn-inline\">\n                            Ver m\u00e1s\n                            <i class=\"uc-icon\">chevron_right<\/i>\n                        <\/a>\n                    <\/p>\n                <\/div>\n            <\/div>\n        <\/div>\n\n    <\/div>\n<\/div>                            <\/div>\n                    <div class=\"col-md-4 mb-40\">\n\n                                    <div\n    class=\"uc-card card-gradient--bottom-blue uc-card-oportunidad card-height--same\">\n    <a href=\"https:\/\/internacionalizacion.uc.cl\/en\/oportunidad\/estadi-de-investigacion-doctoral-con-lund-university-suecia\/\" class=\"uc-card-img-link\">\n                    <img decoding=\"async\"\n                class=\"uc-card-img int-uc-card-img\"\n                src=\"https:\/\/internacionalizacion.uc.cl\/wp-content\/uploads\/2026\/04\/LUND-264x170.jpg\"\n                alt=\"Estad\u00eda de investigaci\u00f3n doctoral con Lund University, Suecia\" \/>\n            <\/a>\n\n    <div class=\"uc-card_body p-0\">\n        <div\n            class=\"uc-card card-type--event card-height--same\">\n                                                <div class=\"uc-card card-type--date card-type--date-abierta h5\">\n                    Abierta\n                    <\/div>\n                                        <div class=\"uc-card_body\">\n                <h3 class=\"h4\">Estad\u00eda de investigaci\u00f3n doctoral con Lund University, Suecia<\/h3>\n                <div class=\"uc-text-divider divider-secondary mt-8 mb-20\"><\/div>\n                <div class=\"uc-card_event--content flex-1 d-flex flex-col\" style=\"height: 100%;\">\n                    <p class=\"mb-4\">Postulaciones<\/p>\n                    <div class=\"date\"><b>Desde 09 de April de 2026<\/b><\/div>\n                                            <div class=\"date\"><b>Hasta 30 de April de 2026<\/b><\/div>\n                                                                <p><\/p>\n                        <div class=\"venue\">Lund University, Suecia.<\/div>\n                    \n                                                                                            <a href=\"https:\/\/internacionalizacion.uc.cl\/int_uc-publicos\/estudiantes-doctorado-uc\/\" class=\"uc-tag mb-12\">Estudiantes Doctorado UC<\/a>\n                                                                \n                    <p class=\"mt-auto text-right\">\n                        <a href=\"https:\/\/internacionalizacion.uc.cl\/en\/oportunidad\/estadi-de-investigacion-doctoral-con-lund-university-suecia\/\" class=\"uc-btn btn-inline\">\n                            Ver m\u00e1s\n                            <i class=\"uc-icon\">chevron_right<\/i>\n                        <\/a>\n                    <\/p>\n                <\/div>\n            <\/div>\n        <\/div>\n\n    <\/div>\n<\/div>                            <\/div>\n                    <div class=\"col-md-4 mb-40\">\n\n                                    <div\n    class=\"uc-card card-gradient--bottom-blue uc-card-oportunidad card-height--same\">\n    <a href=\"https:\/\/internacionalizacion.uc.cl\/en\/oportunidad\/estadia-de-docencia-para-academicos-uc-en-lund-university\/\" class=\"uc-card-img-link\">\n                    <img decoding=\"async\"\n                class=\"uc-card-img int-uc-card-img\"\n                src=\"https:\/\/internacionalizacion.uc.cl\/wp-content\/uploads\/2026\/04\/1280px-Lunds_universitets_huvudbyggnad_juli_2008-255x170.jpg\"\n                alt=\"Estad\u00eda de docencia para acad\u00e9micos UC en Lund University\" \/>\n            <\/a>\n\n    <div class=\"uc-card_body p-0\">\n        <div\n            class=\"uc-card card-type--event card-height--same\">\n                                                <div class=\"uc-card card-type--date card-type--date-abierta h5\">\n                    Abierta\n                    <\/div>\n                                        <div class=\"uc-card_body\">\n                <h3 class=\"h4\">Estad\u00eda de docencia para acad\u00e9micos UC en Lund University<\/h3>\n                <div class=\"uc-text-divider divider-secondary mt-8 mb-20\"><\/div>\n                <div class=\"uc-card_event--content flex-1 d-flex flex-col\" style=\"height: 100%;\">\n                    <p class=\"mb-4\">Postulaciones<\/p>\n                    <div class=\"date\"><b>Desde 15 de April de 2026<\/b><\/div>\n                                            <div class=\"date\"><b>Hasta 08 de May de 2026<\/b><\/div>\n                                                                <p><\/p>\n                        <div class=\"venue\">Lund University, Suecia.<\/div>\n                    \n                                                                                            <a href=\"https:\/\/internacionalizacion.uc.cl\/int_uc-publicos\/docentes\/\" class=\"uc-tag mb-12\">Docentes UC<\/a>\n                                                                \n                    <p class=\"mt-auto text-right\">\n                        <a href=\"https:\/\/internacionalizacion.uc.cl\/en\/oportunidad\/estadia-de-docencia-para-academicos-uc-en-lund-university\/\" class=\"uc-btn btn-inline\">\n                            Ver m\u00e1s\n                            <i class=\"uc-icon\">chevron_right<\/i>\n                        <\/a>\n                    <\/p>\n                <\/div>\n            <\/div>\n        <\/div>\n\n    <\/div>\n<\/div>                            <\/div>\n            <\/div>\n\n<\/div><\/div><\/div><\/div><\/div><div id=\"pg-15423-5\"  class=\"container\" ><div class=\"row panel-row-style panel-row-style-for-15423-5\" ><div id=\"pgc-15423-5-0\"  class=\"col-12\" ><div id=\"panel-15423-5-0-0\" class=\"so-panel widget widget_sow-editor panel-first-child panel-last-child\" data-index=\"6\" ><div\n\t\t\t\n\t\t\tclass=\"so-widget-sow-editor so-widget-sow-editor-base\"\n\t\t\t\n\t\t><h3 class=\"widget-title d-flex align-items-center mb-20\">\r\nGlobal Mobility\r\n<span class=\"uc-heading-decoration\"><\/span>\r\n<\/h3>\n<div class=\"siteorigin-widget-tinymce textwidget\">\n\t<p>Learn about the opportunities offered to the UC community to the world and to the international community that wishes to come to the UC.<\/p>\n<\/div>\n<\/div><\/div><\/div><\/div><\/div><div class=\"mb-60\"><div id=\"pg-15423-6\"  class=\"container\" ><div class=\"mb-60 row panel-row-style panel-row-style-for-15423-6\" ><div id=\"pgc-15423-6-0\"  class=\"col-md-6 col-12\" ><div id=\"panel-15423-6-0-0\" class=\"so-panel widget widget_sow-card-uc panel-first-child panel-last-child\" data-index=\"7\" ><div\n\t\t\t\n\t\t\tclass=\"so-widget-sow-card-uc so-widget-sow-card-uc-default-d75171398898-17883\"\n\t\t\t\n\t\t>\n    <div class=\"uc-card card-bg--image card-gradient--bottom-blue \">\n                    <img loading=\"lazy\" decoding=\"async\" width=\"2467\" height=\"2217\" src=\"https:\/\/internacionalizacion.uc.cl\/wp-content\/uploads\/2025\/06\/Crads-Movilidad-Global_Mesa-de-trabajo-1-1.jpg\" class=\"uc-card-img \" alt=\"\" srcset=\"https:\/\/internacionalizacion.uc.cl\/wp-content\/uploads\/2025\/06\/Crads-Movilidad-Global_Mesa-de-trabajo-1-1.jpg 2467w, https:\/\/internacionalizacion.uc.cl\/wp-content\/uploads\/2025\/06\/Crads-Movilidad-Global_Mesa-de-trabajo-1-1-300x270.jpg 300w, https:\/\/internacionalizacion.uc.cl\/wp-content\/uploads\/2025\/06\/Crads-Movilidad-Global_Mesa-de-trabajo-1-1-1024x920.jpg 1024w, https:\/\/internacionalizacion.uc.cl\/wp-content\/uploads\/2025\/06\/Crads-Movilidad-Global_Mesa-de-trabajo-1-1-768x690.jpg 768w, https:\/\/internacionalizacion.uc.cl\/wp-content\/uploads\/2025\/06\/Crads-Movilidad-Global_Mesa-de-trabajo-1-1-1536x1380.jpg 1536w, https:\/\/internacionalizacion.uc.cl\/wp-content\/uploads\/2025\/06\/Crads-Movilidad-Global_Mesa-de-trabajo-1-1-2048x1840.jpg 2048w, https:\/\/internacionalizacion.uc.cl\/wp-content\/uploads\/2025\/06\/Crads-Movilidad-Global_Mesa-de-trabajo-1-1-189x170.jpg 189w\" sizes=\"auto, (max-width: 2467px) 100vw, 2467px\" \/>        \n                    <div class=\"uc-card_body--lg uc-card_body--absolute\">\n                <div class=\"mt-auto\">\n                    <h3 class=\"color-white h2\">Mobility to the World<\/h3>\n                    <div class=\"uc-text-divider divider-secondary my-12\"><\/div>\n                    <div class=\"color-white\">\n                        <p class=\"p-size--lg\">If you are part of the UC community, you can experience global mobility through various programs and initiatives created for you.<\/p>\n\n<ul class=\"uc-list--links\">\n \t<li class=\"mb-12\"><a class=\"uc-btn btn-inline color-white\" href=\"https:\/\/internacionalizacion.uc.cl\/en\/mobility-to-the-world\/#estudiantes-uc\">UC Students <i class=\"uc-icon color-white\">chevron_right<\/i><\/a><\/li>\n \t<li class=\"mb-12\"><a class=\"uc-btn btn-inline color-white\" href=\"https:\/\/internacionalizacion.uc.cl\/en\/mobility-to-the-world\/#academicos-uc\">UC Academics <i class=\"uc-icon color-white\">chevron_right<\/i><\/a><\/li>\n \t<li class=\"mb-12\"><a class=\"uc-btn btn-inline color-white\" href=\"https:\/\/internacionalizacion.uc.cl\/en\/mobility-to-the-world\/#administrativos-y-profesionales-uc\">UC Administrative and Professional Staff <i class=\"uc-icon color-white\">chevron_right<\/i><\/a><\/li>\n<\/ul>                    <\/div>\n                <\/div>\n            <\/div>\n            <\/div>\n<\/div><\/div><\/div><div id=\"pgc-15423-6-1\"  class=\"col-md-6 col-12\" ><div id=\"panel-15423-6-1-0\" class=\"so-panel widget widget_sow-card-uc panel-first-child panel-last-child\" data-index=\"8\" ><div\n\t\t\t\n\t\t\tclass=\"so-widget-sow-card-uc so-widget-sow-card-uc-default-d75171398898-17883\"\n\t\t\t\n\t\t>\n    <div class=\"uc-card card-bg--image card-gradient--bottom-blue \">\n                    <img loading=\"lazy\" decoding=\"async\" width=\"2467\" height=\"2217\" src=\"https:\/\/internacionalizacion.uc.cl\/wp-content\/uploads\/2025\/06\/Crads-Movilidad-Global_Mesa-de-trabajo-1-copia-1.jpg\" class=\"uc-card-img \" alt=\"\" srcset=\"https:\/\/internacionalizacion.uc.cl\/wp-content\/uploads\/2025\/06\/Crads-Movilidad-Global_Mesa-de-trabajo-1-copia-1.jpg 2467w, https:\/\/internacionalizacion.uc.cl\/wp-content\/uploads\/2025\/06\/Crads-Movilidad-Global_Mesa-de-trabajo-1-copia-1-300x270.jpg 300w, https:\/\/internacionalizacion.uc.cl\/wp-content\/uploads\/2025\/06\/Crads-Movilidad-Global_Mesa-de-trabajo-1-copia-1-1024x920.jpg 1024w, https:\/\/internacionalizacion.uc.cl\/wp-content\/uploads\/2025\/06\/Crads-Movilidad-Global_Mesa-de-trabajo-1-copia-1-768x690.jpg 768w, https:\/\/internacionalizacion.uc.cl\/wp-content\/uploads\/2025\/06\/Crads-Movilidad-Global_Mesa-de-trabajo-1-copia-1-1536x1380.jpg 1536w, https:\/\/internacionalizacion.uc.cl\/wp-content\/uploads\/2025\/06\/Crads-Movilidad-Global_Mesa-de-trabajo-1-copia-1-2048x1840.jpg 2048w, https:\/\/internacionalizacion.uc.cl\/wp-content\/uploads\/2025\/06\/Crads-Movilidad-Global_Mesa-de-trabajo-1-copia-1-189x170.jpg 189w\" sizes=\"auto, (max-width: 2467px) 100vw, 2467px\" \/>        \n                    <div class=\"uc-card_body--lg uc-card_body--absolute\">\n                <div class=\"mt-auto\">\n                    <h3 class=\"color-white h2\">Come to UC<\/h3>\n                    <div class=\"uc-text-divider divider-secondary my-12\"><\/div>\n                    <div class=\"color-white\">\n                        <p class=\"p-size--lg\">Would you like to get to know UC Chile? Discover the range of programs, initiatives, and opportunities we have for the international community. <\/p>\n\n<ul class=\"uc-list--links\">\n \t<li class=\"mb-12\"><a class=\"uc-btn btn-inline color-white\" href=\"https:\/\/internacionalizacion.uc.cl\/en\/come-to-uc\/#estudiantes-internacionales\">International students <i class=\"uc-icon color-white\">chevron_right<\/i><\/a><i class=\"uc-icon color-white\"><\/i><\/li>\n \t<li class=\"mb-12\"><a class=\"uc-btn btn-inline color-white\" href=\"https:\/\/investigacion.uc.cl\/en\/home\/\" target=\"_blank\" rel=\"noopener\">Research at UC Chile <i class=\"uc-icon color-white\">chevron_right<\/i><\/a><\/li>\n \t<li class=\"mb-12\"><a class=\"uc-btn btn-inline color-white\" href=\"https:\/\/airtable.com\/appDhjN65c9QeyOLi\/pagazVB16vNYgfoQE\/form\" target=\"_blank\" rel=\"noopener\">Visits and delegations <i class=\"uc-icon color-white\">chevron_right<\/i><\/a><\/li>\n<\/ul>                    <\/div>\n                <\/div>\n            <\/div>\n            <\/div>\n<\/div><\/div><\/div><\/div><\/div><\/div><div id=\"pg-15423-7\"  class=\"container\" ><div class=\"row panel-row-style panel-row-style-for-15423-7\" ><div id=\"pgc-15423-7-0\"  class=\"col-12\" ><div id=\"panel-15423-7-0-0\" class=\"so-panel widget widget_sow-editor panel-first-child panel-last-child\" data-index=\"9\" ><div\n\t\t\t\n\t\t\tclass=\"so-widget-sow-editor so-widget-sow-editor-base\"\n\t\t\t\n\t\t><h3 class=\"widget-title d-flex align-items-center mb-20\">\r\nInternationalization at Home\r\n<span class=\"uc-heading-decoration\"><\/span>\r\n<\/h3>\n<div class=\"siteorigin-widget-tinymce textwidget\">\n\t<p>Experience internationalization within the UC campuses, with academic, cultural and language initiatives that will allow you to boost your global education without leaving Chile.<\/p>\n<\/div>\n<\/div><\/div><\/div><\/div><\/div><div class=\"mb-60\"><div id=\"pg-15423-8\"  class=\"container\" ><div class=\"mb-60 row panel-row-style panel-row-style-for-15423-8\" ><div id=\"pgc-15423-8-0\"  class=\"col-md-4 col-12\" ><div id=\"panel-15423-8-0-0\" class=\"so-panel widget widget_sow-card-uc panel-first-child panel-last-child\" data-index=\"10\" ><div\n\t\t\t\n\t\t\tclass=\"so-widget-sow-card-uc so-widget-sow-card-uc-default-d75171398898-17883\"\n\t\t\t\n\t\t>\n<div class=\"uc-card  \">\n                        <a href=\"https:\/\/internacionalizacion.uc.cl\/en\/internationalization-at-home\/#descubrir-el-mundo-con-la-UC\" class=\"uc-btn btn-inline\">\n                <img loading=\"lazy\" decoding=\"async\" width=\"384\" height=\"216\" src=\"https:\/\/internacionalizacion.uc.cl\/wp-content\/uploads\/2025\/01\/descubre-el-mundo-uc.jpg\" class=\"uc-card-img \" alt=\"Actuaci\u00f3n de danza folkl\u00f3rica en un evento cultural con fondo colorido\" srcset=\"https:\/\/internacionalizacion.uc.cl\/wp-content\/uploads\/2025\/01\/descubre-el-mundo-uc.jpg 384w, https:\/\/internacionalizacion.uc.cl\/wp-content\/uploads\/2025\/01\/descubre-el-mundo-uc-300x169.jpg 300w\" sizes=\"auto, (max-width: 384px) 100vw, 384px\" \/>            <\/a>\n            \n    <div class=\"uc-card_body\">\n                    <h3 class=\"h4\">Discovering the world with UC<\/h3>\n            <div class=\"uc-text-divider divider-primary mt-4 mb-20\"><\/div>\n                            <p>Experience the culture of other countries within UC campuses by participating in academic talks, experiential workshops, and cultural exhibitions.<\/p>\n                            <p class=\"mt-auto text-right\">\n                <a href=\"https:\/\/internacionalizacion.uc.cl\/en\/internationalization-at-home\/#descubrir-el-mundo-con-la-UC\" class=\"uc-btn btn-inline\" >\n                    See more                                            <i class=\"uc-icon\">chevron_right<\/i>\n                                    <\/a>\n            <\/p>\n            <\/div>\n<\/div><\/div><\/div><\/div><div id=\"pgc-15423-8-1\"  class=\"col-md-4 col-12\" ><div id=\"panel-15423-8-1-0\" class=\"so-panel widget widget_sow-card-uc panel-first-child panel-last-child\" data-index=\"11\" ><div\n\t\t\t\n\t\t\tclass=\"so-widget-sow-card-uc so-widget-sow-card-uc-default-d75171398898-17883\"\n\t\t\t\n\t\t>\n<div class=\"uc-card  \">\n                        <a href=\"https:\/\/internacionalizacion.uc.cl\/en\/opportunities\/\" class=\"uc-btn btn-inline\">\n                <img loading=\"lazy\" decoding=\"async\" width=\"350\" height=\"216\" src=\"https:\/\/internacionalizacion.uc.cl\/wp-content\/uploads\/2025\/05\/I8A8915-1-scaled-e1747317954338.jpg\" class=\"uc-card-img \" alt=\"Estudiantes presentando un proyecto de innovaci\u00f3n frente a una audiencia dentro de una sala de clases.\" srcset=\"https:\/\/internacionalizacion.uc.cl\/wp-content\/uploads\/2025\/05\/I8A8915-1-scaled-e1747317954338.jpg 350w, https:\/\/internacionalizacion.uc.cl\/wp-content\/uploads\/2025\/05\/I8A8915-1-scaled-e1747317954338-300x185.jpg 300w, https:\/\/internacionalizacion.uc.cl\/wp-content\/uploads\/2025\/05\/I8A8915-1-scaled-e1747317954338-275x170.jpg 275w\" sizes=\"auto, (max-width: 350px) 100vw, 350px\" \/>            <\/a>\n            \n    <div class=\"uc-card_body\">\n                    <h3 class=\"h4\">Global Leadership Programs<\/h3>\n            <div class=\"uc-text-divider divider-primary mt-4 mb-20\"><\/div>\n                            <p>Learn how to enhance your leadership skills and competencies by participating in initiatives with an international focus in intercultural settings.<\/p>\n                            <p class=\"mt-auto text-right\">\n                <a href=\"https:\/\/internacionalizacion.uc.cl\/en\/opportunities\/\" class=\"uc-btn btn-inline\" >\n                    See more                                            <i class=\"uc-icon\">chevron_right<\/i>\n                                    <\/a>\n            <\/p>\n            <\/div>\n<\/div><\/div><\/div><\/div><div id=\"pgc-15423-8-2\"  class=\"col-md-4 col-12\" ><div id=\"panel-15423-8-2-0\" class=\"so-panel widget widget_sow-card-uc panel-first-child panel-last-child\" data-index=\"12\" ><div\n\t\t\t\n\t\t\tclass=\"so-widget-sow-card-uc so-widget-sow-card-uc-default-d75171398898-17883\"\n\t\t\t\n\t\t>\n<div class=\"uc-card  \">\n                        <a href=\"https:\/\/internacionalizacion.uc.cl\/en\/opportunities\/\" class=\"uc-btn btn-inline\">\n                <img loading=\"lazy\" decoding=\"async\" width=\"384\" height=\"216\" src=\"https:\/\/internacionalizacion.uc.cl\/wp-content\/uploads\/2025\/05\/IMG_6096_Edit-1.jpg\" class=\"uc-card-img \" alt=\"Dos estudiantes caminando por un jard\u00edn del campus San Joaqu\u00edn de la Pontificia Universidad Cat\u00f3lica de Chile.\" srcset=\"https:\/\/internacionalizacion.uc.cl\/wp-content\/uploads\/2025\/05\/IMG_6096_Edit-1.jpg 384w, https:\/\/internacionalizacion.uc.cl\/wp-content\/uploads\/2025\/05\/IMG_6096_Edit-1-300x169.jpg 300w, https:\/\/internacionalizacion.uc.cl\/wp-content\/uploads\/2025\/05\/IMG_6096_Edit-1-302x170.jpg 302w\" sizes=\"auto, (max-width: 384px) 100vw, 384px\" \/>            <\/a>\n            \n    <div class=\"uc-card_body\">\n                    <h3 class=\"h4\">Contests and Scholarships<\/h3>\n            <div class=\"uc-text-divider divider-primary mt-4 mb-20\"><\/div>\n                            <p>There are international scholarship and contest opportunities waiting for your application, inviting you to become a global citizen.<\/p>\n                            <p class=\"mt-auto text-right\">\n                <a href=\"https:\/\/internacionalizacion.uc.cl\/en\/opportunities\/\" class=\"uc-btn btn-inline\" >\n                    See more                                            <i class=\"uc-icon\">chevron_right<\/i>\n                                    <\/a>\n            <\/p>\n            <\/div>\n<\/div><\/div><\/div><\/div><\/div><\/div><\/div><div id=\"pg-15423-9\"  class=\"container\" ><div class=\"row panel-row-style panel-row-style-for-15423-9\" ><div id=\"pgc-15423-9-0\"  class=\"col-12\" ><div id=\"panel-15423-9-0-0\" class=\"so-panel widget widget_sow-card-uc panel-first-child panel-last-child\" data-index=\"13\" ><div\n\t\t\t\n\t\t\tclass=\"so-widget-sow-card-uc so-widget-sow-card-uc-default-d75171398898-17883\"\n\t\t\t\n\t\t>\n<div class=\"uc-card  \">\n    \n    <div class=\"uc-card_body\">\n                    <h3 class=\"h4\">Practice a language<\/h3>\n            <div class=\"uc-text-divider divider-primary mt-4 mb-20\"><\/div>\n                            <p>In these programs and initiatives, you can improve your fluency in foreign languages through conversations and activities.<\/p>\n                            <p class=\"mt-auto text-right\">\n                <a href=\"https:\/\/internacionalizacion.uc.cl\/en\/internationalization-at-home\/#idiomas\" class=\"uc-btn btn-inline\" >\n                    See more                                            <i class=\"uc-icon\">chevron_right<\/i>\n                                    <\/a>\n            <\/p>\n            <\/div>\n<\/div><\/div><\/div><\/div><\/div><\/div><div class=\"mb-40\"><div id=\"pg-15423-10\"  class=\"container-fluid\" ><div class=\"mb-40 siteorigin-panels-stretch row panel-row-style panel-row-style-for-15423-10\" data-stretch-type=\"full\" ><div id=\"pgc-15423-10-0\"  class=\"col-12 py-60\" ><div id=\"panel-15423-10-0-0\" class=\"so-panel widget widget_siteorigin-panels-builder panel-first-child\" data-index=\"14\" ><div class=\"mb-40 panel-widget-style panel-widget-style-for-15423-10-0-0\" ><div id=\"pl-w68435d8586384\"  class=\"panel-layout\" ><div id=\"pg-w68435d8586384-0\"  class=\"container\" ><div class=\"align-items-center row panel-row-style panel-row-style-for-w68435d8586384-0\" ><div id=\"pgc-w68435d8586384-0-0\"  class=\"col-md-8 col-12\" ><div id=\"panel-w68435d8586384-0-0-0\" class=\"so-panel widget widget_sow-editor panel-first-child panel-last-child\" data-index=\"0\" ><div class=\"color-white panel-widget-style panel-widget-style-for-w68435d8586384-0-0-0\" ><div\n\t\t\t\n\t\t\tclass=\"so-widget-sow-editor so-widget-sow-editor-base\"\n\t\t\t\n\t\t><h3 class=\"widget-title d-flex align-items-center mb-20\">\r\nSites of Interest\r\n<span class=\"uc-heading-decoration\"><\/span>\r\n<\/h3>\n<div class=\"siteorigin-widget-tinymce textwidget\">\n\t<p>The Vice Rector's Office for International Affairs is directly associated with other internal and external units of the UC that seek to promote internationalization in Chilean higher education in a cross-cutting manner.<\/p>\n<\/div>\n<\/div><\/div><\/div><\/div><div id=\"pgc-w68435d8586384-0-1\"  class=\"col-md-4 col-12\" ><div id=\"panel-w68435d8586384-0-1-0\" class=\"so-panel widget widget_sow-boton-uc panel-first-child panel-last-child\" data-index=\"1\" ><div\n\t\t\t\n\t\t\tclass=\"so-widget-sow-boton-uc so-widget-sow-boton-uc-default-d75171398898\"\n\t\t\t\n\t\t>\n    <div class=\"text-md-right\">\n        <a href=\"https:\/\/internacionalizacion.uc.cl\/comunidad-internacional-en-la-uc\/\" class=\"color-white uc-btn btn-inline\">\n            Groupings                            <i class=\"uc-icon icon-shape--rounded\">arrow_forward<\/i>\n                    <\/a>\n    <\/div>\n<\/div><\/div><\/div><\/div><\/div><div id=\"pg-w68435d8586384-1\"  class=\"container\" ><div class=\"row panel-row-style panel-row-style-for-w68435d8586384-1\" ><div id=\"pgc-w68435d8586384-1-0\"  class=\"col-12\" ><div id=\"panel-w68435d8586384-1-0-0\" class=\"so-panel widget widget_siteorigin-panels-builder panel-first-child panel-last-child\" data-index=\"2\" ><div id=\"pl-w68435d858638a\"  class=\"panel-layout\" ><div id=\"pg-w68435d858638a-0\"  class=\"container\" ><div class=\"row panel-row-style panel-row-style-for-w68435d858638a-0\" ><div id=\"pgc-w68435d858638a-0-0\"  class=\"col-md-4 col-12\" ><div id=\"panel-w68435d858638a-0-0-0\" class=\"so-panel widget widget_sow-boton-uc panel-first-child panel-last-child\" data-index=\"0\" ><div\n\t\t\t\n\t\t\tclass=\"so-widget-sow-boton-uc so-widget-sow-boton-uc-default-d75171398898\"\n\t\t\t\n\t\t>\n    <div class=\"text-left\">\n        <a href=\"https:\/\/internacionalizacion.uc.cl\/comunidad-internacional-en-la-uc\/#apoyo-para-comunidad-internacional\" class=\" uc-btn btn-featured\">\n            Support for the international community                            <i class=\"uc-icon icon-shape--rounded\">arrow_forward<\/i>\n                    <\/a>\n    <\/div>\n<\/div><\/div><\/div><div id=\"pgc-w68435d858638a-0-1\"  class=\"col-md-4 col-12\" ><div id=\"panel-w68435d858638a-0-1-0\" class=\"so-panel widget widget_sow-boton-uc panel-first-child panel-last-child\" data-index=\"1\" ><div\n\t\t\t\n\t\t\tclass=\"so-widget-sow-boton-uc so-widget-sow-boton-uc-default-d75171398898\"\n\t\t\t\n\t\t>\n    <div class=\"text-left\">\n        <a href=\"https:\/\/internacionalizacion.uc.cl\/comunidad-internacional-en-la-uc\/#agrupaciones-y-actividades\" class=\" uc-btn btn-featured\">\n            Groupings                            <i class=\"uc-icon icon-shape--rounded\">arrow_forward<\/i>\n                    <\/a>\n    <\/div>\n<\/div><\/div><\/div><div id=\"pgc-w68435d858638a-0-2\"  class=\"col-md-4 col-12\" ><div id=\"panel-w68435d858638a-0-2-0\" class=\"so-panel widget widget_sow-boton-uc panel-first-child panel-last-child\" data-index=\"2\" ><div\n\t\t\t\n\t\t\tclass=\"so-widget-sow-boton-uc so-widget-sow-boton-uc-default-d75171398898\"\n\t\t\t\n\t\t>\n    <div class=\"text-left\">\n        <a href=\"https:\/\/internacionalizacion.uc.cl\/testimonios\/\" class=\" uc-btn btn-featured\">\n            View all Testimonials                            <i class=\"uc-icon icon-shape--rounded\">arrow_forward<\/i>\n                    <\/a>\n    <\/div>\n<\/div><\/div><\/div><\/div><\/div><\/div><\/div><\/div><\/div><\/div><\/div><\/div><\/div><div id=\"panel-15423-10-0-1\" class=\"so-panel widget widget_sow-testimonios-uc panel-last-child\" data-index=\"15\" ><div\n\t\t\t\n\t\t\tclass=\"so-widget-sow-testimonios-uc so-widget-sow-testimonios-uc-default-d75171398898-17883\"\n\t\t\t\n\t\t>\n\n\n    <div class=\"container\">\n        <div\n            id=\"uc-carousel-testimonios-uc-2\"\n            class=\"uc-carousel mb-80\"\n            data-carousel=\"uc-testimonios-carousel\"\n            data-type=\"carousel\"\n            data-items=\"1\"\n            data-slideby=\"1\"\n            data-loop=\"true\"\n            data-nav=\"true\"\n            data-autoplay=\"true\"\n            data-controls=\"false\"\n            data-navcontainer=\"#carousel-fetured-nav\"\n            data-autoplaybutton=\"#carousel-featured-autoplay\"\n            data-autoplay-text=\"true\"\n            data-speed=\"1500\"\n            data-autoplay-timeout=\"8000\">\n            <div class=\"uc-testimonios-carousel d-flex\">\n                                    <div class=\"item\">\n                        <div class=\"uc-image-quote image-left\">\n                            <div class=\"container\">\n                                <div class=\"row align-items-center\">\n                                    <div class=\"col-md-6 order-first\">\n                                        <div class=\"uc-image-quote_image\">\n                                            <img decoding=\"async\"\n                                                src=\"https:\/\/internacionalizacion.uc.cl\/wp-content\/uploads\/2025\/07\/Llewellyne_Delelis.jpg\"\n                                                alt=\"Imagen de Llewellyne Delelis\"\n                                                draggable=\"false\" \/>\n                                        <\/div>\n                                    <\/div>\n                                    <div class=\"col-md-6\">\n                                        <div class=\"uc-card\">\n                                            <div class=\"uc-card_body--lg\">\n                                                <div class=\"uc-quote my-16\">\n                                                                                                            The internship at UC Chile was a huge and very positive impact. I learned a lot about myself, I know&hellip;                                                                                                    <\/div>\n                                                <p class=\"no-margin\"><strong>Llewellyne Delelis<\/strong><\/p>\n                                                                                                    <p class=\"gray no-margin\">\n                                                        Student from Universit\u00e9 de Lille (France) who did her internship at UC.                                                    <\/p>\n                                                                                                                                                    <p class=\"mt-auto text-right\">\n                                                        <a class=\"uc-btn btn-inline\" href=\"https:\/\/internacionalizacion.uc.cl\/en\/testimonio\/llewellyne-delelis\/\">\n                                                            Seguir leyendo <i class=\"uc-icon\">chevron_right<\/i>\n                                                        <\/a>\n                                                    <\/p>\n                                                                                            <\/div>\n                                        <\/div>\n                                    <\/div>\n                                <\/div>\n                            <\/div>\n                        <\/div>\n\n                    <\/div>\n                                    <div class=\"item\">\n                        <div class=\"uc-image-quote image-left\">\n                            <div class=\"container\">\n                                <div class=\"row align-items-center\">\n                                    <div class=\"col-md-6 order-first\">\n                                        <div class=\"uc-image-quote_image\">\n                                            <img decoding=\"async\"\n                                                src=\"https:\/\/internacionalizacion.uc.cl\/wp-content\/uploads\/2025\/07\/Daniela_Rodriguez-scaled.jpg\"\n                                                alt=\"Imagen de Daniela Rodriguez\"\n                                                draggable=\"false\" \/>\n                                        <\/div>\n                                    <\/div>\n                                    <div class=\"col-md-6\">\n                                        <div class=\"uc-card\">\n                                            <div class=\"uc-card_body--lg\">\n                                                <div class=\"uc-quote my-16\">\n                                                                                                            It was a very transformative experience. One of my goals was to create an educational program with the community, and&hellip;                                                                                                    <\/div>\n                                                <p class=\"no-margin\"><strong>Daniela Rodriguez<\/strong><\/p>\n                                                                                                    <p class=\"gray no-margin\">\n                                                        Student of the Faculty of Letters UC, Pallqa Indonesia 2024.                                                    <\/p>\n                                                                                                                                                    <p class=\"mt-auto text-right\">\n                                                        <a class=\"uc-btn btn-inline\" href=\"https:\/\/internacionalizacion.uc.cl\/en\/testimonio\/daniela-rodriguez\/\">\n                                                            Seguir leyendo <i class=\"uc-icon\">chevron_right<\/i>\n                                                        <\/a>\n                                                    <\/p>\n                                                                                            <\/div>\n                                        <\/div>\n                                    <\/div>\n                                <\/div>\n                            <\/div>\n                        <\/div>\n\n                    <\/div>\n                                    <div class=\"item\">\n                        <div class=\"uc-image-quote image-left\">\n                            <div class=\"container\">\n                                <div class=\"row align-items-center\">\n                                    <div class=\"col-md-6 order-first\">\n                                        <div class=\"uc-image-quote_image\">\n                                            <img decoding=\"async\"\n                                                src=\"https:\/\/internacionalizacion.uc.cl\/wp-content\/uploads\/2025\/07\/IMG-20250612-WA0026-e1751490589616.jpg\"\n                                                alt=\"Imagen de Miguel Oyarz\u00fan\"\n                                                draggable=\"false\" \/>\n                                        <\/div>\n                                    <\/div>\n                                    <div class=\"col-md-6\">\n                                        <div class=\"uc-card\">\n                                            <div class=\"uc-card_body--lg\">\n                                                <div class=\"uc-quote my-16\">\n                                                                                                            The achievements of our disciplines cannot be addressed today without a contextual and international perspective. This experience incorporates a key&hellip;                                                                                                    <\/div>\n                                                <p class=\"no-margin\"><strong>Miguel Oyarz\u00fan<\/strong><\/p>\n                                                                                                    <p class=\"gray no-margin\">\n                                                        Student of the Master in Education UC who participated in U21 School 2025, Sweden.                                                    <\/p>\n                                                                                                                                                    <p class=\"mt-auto text-right\">\n                                                        <a class=\"uc-btn btn-inline\" href=\"https:\/\/internacionalizacion.uc.cl\/en\/testimonio\/miguel-oyarzun\/\">\n                                                            Seguir leyendo <i class=\"uc-icon\">chevron_right<\/i>\n                                                        <\/a>\n                                                    <\/p>\n                                                                                            <\/div>\n                                        <\/div>\n                                    <\/div>\n                                <\/div>\n                            <\/div>\n                        <\/div>\n\n                    <\/div>\n                            <\/div>\n            <div class=\"uc-carousel-nav primary-carousel-nav\">\n                <div class=\"container\">\n                    <div class=\"carousel-nav-container\">\n                        <ul class=\"carousel-nav-list\" id=\"carousel-fetured-nav\">\n                                                            <li class=\"carousel-nav-item\">\n                                    <div class=\"number\">01<\/div>\n                                    <div class=\"indicator\"><\/div>\n                                <\/li>\n                                                            <li class=\"carousel-nav-item\">\n                                    <div class=\"number\">02<\/div>\n                                    <div class=\"indicator\"><\/div>\n                                <\/li>\n                                                            <li class=\"carousel-nav-item\">\n                                    <div class=\"number\">03<\/div>\n                                    <div class=\"indicator\"><\/div>\n                                <\/li>\n                                                    <\/ul>\n                        <div class=\"autoplay-buttons\" id=\"carousel-featured-autoplay\"><\/div>\n                    <\/div>\n                <\/div>\n            <\/div>\n        <\/div>\n    <\/div>\n\n<\/div><\/div><\/div><\/div><\/div><\/div><div class=\"mb-0\"><div id=\"pg-15423-11\"  class=\"container\" ><div class=\"mb-0 align-items-center row panel-row-style panel-row-style-for-15423-11\" ><div id=\"pgc-15423-11-0\"  class=\"col-md-8 col-12\" ><div id=\"panel-15423-11-0-0\" class=\"so-panel widget widget_sow-editor panel-first-child panel-last-child\" data-index=\"16\" ><div\n\t\t\t\n\t\t\tclass=\"so-widget-sow-editor so-widget-sow-editor-base\"\n\t\t\t\n\t\t><h3 class=\"widget-title d-flex align-items-center mb-20\">\r\nNews\r\n<span class=\"uc-heading-decoration\"><\/span>\r\n<\/h3>\n<div class=\"siteorigin-widget-tinymce textwidget\">\n\t<\/div>\n<\/div><\/div><\/div><div id=\"pgc-15423-11-1\"  class=\"col-md-4 col-12\" ><div id=\"panel-15423-11-1-0\" class=\"so-panel widget widget_sow-boton-uc panel-first-child panel-last-child\" data-index=\"17\" ><div\n\t\t\t\n\t\t\tclass=\"so-widget-sow-boton-uc so-widget-sow-boton-uc-default-d75171398898-15480\"\n\t\t\t\n\t\t>\n    <div class=\"text-md-right\">\n        <a href=\"https:\/\/internacionalizacion.uc.cl\/noticias-internacionalizacion-uc\/\" class=\" uc-btn btn-inline\">\n            View all News                            <i class=\"uc-icon icon-shape--rounded\">arrow_forward<\/i>\n                    <\/a>\n    <\/div>\n<\/div><\/div><\/div><\/div><\/div><\/div><div id=\"pg-15423-12\"  class=\"container\" ><div class=\"row panel-row-style panel-row-style-for-15423-12\" ><div id=\"pgc-15423-12-0\"  class=\"col-12\" ><div id=\"panel-15423-12-0-0\" class=\"so-panel widget widget_sow-noticias-uc panel-first-child panel-last-child\" data-index=\"18\" ><div\n\t\t\t\n\t\t\tclass=\"so-widget-sow-noticias-uc so-widget-sow-noticias-uc-default-d75171398898-15480\"\n\t\t\t\n\t\t>\n\n\n    <div id=\"uc-carousel-cards-uc-3\" class=\"uc-carousel-cards\" data-carousel=\"uc-carousel-cards_content-uc-3\" data-type=\"cards\" data-items=\"3\" data-sm-items=\"2\" data-slideby=\"1\" data-loop=\"false\" data-controls=\"true\" data-speed=\"500\" data-autoplay-text=\"true\" data-prev-button=\"#uc-carousel-cards-uc-3 .carousel-controls .prev\" data-next-button=\"#uc-carousel-cards-uc-3 .carousel-controls .next\" data-counter=\"true\" data-track=\"true\">\n        <div class=\"uc-carousel-cards_content-uc-3\">\n                            <div class=\"item\">\n\n                    <div class=\"uc-card uc-card-noticia card-height--same\">\n            <a href=\"https:\/\/internacionalizacion.uc.cl\/en\/noticias-uc\/del-aula-al-territorio-estudiantes-uc-impulsan-iniciativas-de-salud-y-educacion-en-indonesia\/\">\n            <img loading=\"lazy\" decoding=\"async\" width=\"1024\" height=\"578\" src=\"https:\/\/internacionalizacion.uc.cl\/wp-content\/uploads\/2026\/04\/WhatsApp-Image-2026-01-28-at-9.35.54-AM-1-1024x578.jpeg\" class=\"uc-card-img wp-post-image\" alt=\"\" srcset=\"https:\/\/internacionalizacion.uc.cl\/wp-content\/uploads\/2026\/04\/WhatsApp-Image-2026-01-28-at-9.35.54-AM-1-1024x578.jpeg 1024w, https:\/\/internacionalizacion.uc.cl\/wp-content\/uploads\/2026\/04\/WhatsApp-Image-2026-01-28-at-9.35.54-AM-1-300x169.jpeg 300w, https:\/\/internacionalizacion.uc.cl\/wp-content\/uploads\/2026\/04\/WhatsApp-Image-2026-01-28-at-9.35.54-AM-1-768x433.jpeg 768w, https:\/\/internacionalizacion.uc.cl\/wp-content\/uploads\/2026\/04\/WhatsApp-Image-2026-01-28-at-9.35.54-AM-1-301x170.jpeg 301w, https:\/\/internacionalizacion.uc.cl\/wp-content\/uploads\/2026\/04\/WhatsApp-Image-2026-01-28-at-9.35.54-AM-1.jpeg 1280w\" sizes=\"auto, (max-width: 1024px) 100vw, 1024px\" \/>        <\/a>\n        <div class=\"uc-card_body\">\n        <p class=\"text-size--sm text-color--gray text--condensed\">\n            16 de April de 2026        <\/p>\n        <h3 class=\"h4\">\n            Del aula al territorio: Estudiantes UC impulsan iniciativas de Salud y Educaci\u00f3n en Indonesia        <\/h3>\n        <div class=\"uc-text-divider divider-primary my-12\"><\/div>\n        <div class=\"text-right mt-auto\">\n            <a href=\"https:\/\/internacionalizacion.uc.cl\/en\/noticias-uc\/del-aula-al-territorio-estudiantes-uc-impulsan-iniciativas-de-salud-y-educacion-en-indonesia\/\" class=\"uc-btn btn-inline\">Ver m\u00e1s\n                <i class=\"uc-icon icon-shape--rounded\">keyboard_arrow_right<\/i><\/a>\n        <\/div>\n    <\/div>\n<\/div>\n                <\/div>\n                            <div class=\"item\">\n\n                    <div class=\"uc-card uc-card-noticia card-height--same\">\n            <a href=\"https:\/\/internacionalizacion.uc.cl\/en\/noticias-uc\/universitas-21-la-invitacion-uc-a-incorporar-miradas-sudamericanas-en-la-agenda-global\/\">\n            <img loading=\"lazy\" decoding=\"async\" width=\"1024\" height=\"683\" src=\"https:\/\/internacionalizacion.uc.cl\/wp-content\/uploads\/2026\/04\/nota-pendiente-1-1024x683.jpg\" class=\"uc-card-img wp-post-image\" alt=\"\" srcset=\"https:\/\/internacionalizacion.uc.cl\/wp-content\/uploads\/2026\/04\/nota-pendiente-1-1024x683.jpg 1024w, https:\/\/internacionalizacion.uc.cl\/wp-content\/uploads\/2026\/04\/nota-pendiente-1-300x200.jpg 300w, https:\/\/internacionalizacion.uc.cl\/wp-content\/uploads\/2026\/04\/nota-pendiente-1-768x512.jpg 768w, https:\/\/internacionalizacion.uc.cl\/wp-content\/uploads\/2026\/04\/nota-pendiente-1-1536x1024.jpg 1536w, https:\/\/internacionalizacion.uc.cl\/wp-content\/uploads\/2026\/04\/nota-pendiente-1-2048x1365.jpg 2048w, https:\/\/internacionalizacion.uc.cl\/wp-content\/uploads\/2026\/04\/nota-pendiente-1-255x170.jpg 255w, https:\/\/internacionalizacion.uc.cl\/wp-content\/uploads\/2026\/04\/nota-pendiente-1-272x182.jpg 272w\" sizes=\"auto, (max-width: 1024px) 100vw, 1024px\" \/>        <\/a>\n        <div class=\"uc-card_body\">\n        <p class=\"text-size--sm text-color--gray text--condensed\">\n            13 de April de 2026        <\/p>\n        <h3 class=\"h4\">\n            Universitas 21: la invitaci\u00f3n UC a incorporar miradas sudamericanas en la agenda global        <\/h3>\n        <div class=\"uc-text-divider divider-primary my-12\"><\/div>\n        <div class=\"text-right mt-auto\">\n            <a href=\"https:\/\/internacionalizacion.uc.cl\/en\/noticias-uc\/universitas-21-la-invitacion-uc-a-incorporar-miradas-sudamericanas-en-la-agenda-global\/\" class=\"uc-btn btn-inline\">Ver m\u00e1s\n                <i class=\"uc-icon icon-shape--rounded\">keyboard_arrow_right<\/i><\/a>\n        <\/div>\n    <\/div>\n<\/div>\n                <\/div>\n                            <div class=\"item\">\n\n                    <div class=\"uc-card uc-card-noticia card-height--same\">\n            <a href=\"https:\/\/internacionalizacion.uc.cl\/en\/noticias-uc\/estudiantes-internacionales-viven-experiencia-de-inmersion-cultural-linguistica-y-de-innovacion-en-chile\/\">\n            <img loading=\"lazy\" decoding=\"async\" width=\"1024\" height=\"562\" src=\"https:\/\/internacionalizacion.uc.cl\/wp-content\/uploads\/2026\/04\/nota-borrador-1-1024x562.jpg\" class=\"uc-card-img wp-post-image\" alt=\"\" srcset=\"https:\/\/internacionalizacion.uc.cl\/wp-content\/uploads\/2026\/04\/nota-borrador-1-1024x562.jpg 1024w, https:\/\/internacionalizacion.uc.cl\/wp-content\/uploads\/2026\/04\/nota-borrador-1-300x165.jpg 300w, https:\/\/internacionalizacion.uc.cl\/wp-content\/uploads\/2026\/04\/nota-borrador-1-768x422.jpg 768w, https:\/\/internacionalizacion.uc.cl\/wp-content\/uploads\/2026\/04\/nota-borrador-1-1536x843.jpg 1536w, https:\/\/internacionalizacion.uc.cl\/wp-content\/uploads\/2026\/04\/nota-borrador-1-2048x1125.jpg 2048w, https:\/\/internacionalizacion.uc.cl\/wp-content\/uploads\/2026\/04\/nota-borrador-1-310x170.jpg 310w\" sizes=\"auto, (max-width: 1024px) 100vw, 1024px\" \/>        <\/a>\n        <div class=\"uc-card_body\">\n        <p class=\"text-size--sm text-color--gray text--condensed\">\n            1 de April de 2026        <\/p>\n        <h3 class=\"h4\">\n            Estudiantes internacionales viven experiencia de inmersi\u00f3n cultural, ling\u00fc\u00edstica y de innovaci\u00f3n en Chile        <\/h3>\n        <div class=\"uc-text-divider divider-primary my-12\"><\/div>\n        <div class=\"text-right mt-auto\">\n            <a href=\"https:\/\/internacionalizacion.uc.cl\/en\/noticias-uc\/estudiantes-internacionales-viven-experiencia-de-inmersion-cultural-linguistica-y-de-innovacion-en-chile\/\" class=\"uc-btn btn-inline\">Ver m\u00e1s\n                <i class=\"uc-icon icon-shape--rounded\">keyboard_arrow_right<\/i><\/a>\n        <\/div>\n    <\/div>\n<\/div>\n                <\/div>\n                            <div class=\"item\">\n\n                    <div class=\"uc-card uc-card-noticia card-height--same\">\n            <a href=\"https:\/\/internacionalizacion.uc.cl\/en\/noticias-uc\/profesor-samuel-fernandez-como-el-intercambio-docente-conecta-a-la-uc-con-el-mundo\/\">\n            <img loading=\"lazy\" decoding=\"async\" width=\"1024\" height=\"696\" src=\"https:\/\/internacionalizacion.uc.cl\/wp-content\/uploads\/2026\/03\/MG_0023-scaled-e1774618551344-1024x696.jpg\" class=\"uc-card-img wp-post-image\" alt=\"\" srcset=\"https:\/\/internacionalizacion.uc.cl\/wp-content\/uploads\/2026\/03\/MG_0023-scaled-e1774618551344-1024x696.jpg 1024w, https:\/\/internacionalizacion.uc.cl\/wp-content\/uploads\/2026\/03\/MG_0023-scaled-e1774618551344-300x204.jpg 300w, https:\/\/internacionalizacion.uc.cl\/wp-content\/uploads\/2026\/03\/MG_0023-scaled-e1774618551344-768x522.jpg 768w, https:\/\/internacionalizacion.uc.cl\/wp-content\/uploads\/2026\/03\/MG_0023-scaled-e1774618551344-1536x1045.jpg 1536w, https:\/\/internacionalizacion.uc.cl\/wp-content\/uploads\/2026\/03\/MG_0023-scaled-e1774618551344-250x170.jpg 250w, https:\/\/internacionalizacion.uc.cl\/wp-content\/uploads\/2026\/03\/MG_0023-scaled-e1774618551344.jpg 1882w\" sizes=\"auto, (max-width: 1024px) 100vw, 1024px\" \/>        <\/a>\n        <div class=\"uc-card_body\">\n        <p class=\"text-size--sm text-color--gray text--condensed\">\n            27 de March de 2026        <\/p>\n        <h3 class=\"h4\">\n            Profesor Samuel Fern\u00e1ndez: c\u00f3mo el intercambio docente conecta a la UC con el mundo        <\/h3>\n        <div class=\"uc-text-divider divider-primary my-12\"><\/div>\n        <div class=\"text-right mt-auto\">\n            <a href=\"https:\/\/internacionalizacion.uc.cl\/en\/noticias-uc\/profesor-samuel-fernandez-como-el-intercambio-docente-conecta-a-la-uc-con-el-mundo\/\" class=\"uc-btn btn-inline\">Ver m\u00e1s\n                <i class=\"uc-icon icon-shape--rounded\">keyboard_arrow_right<\/i><\/a>\n        <\/div>\n    <\/div>\n<\/div>\n                <\/div>\n                            <div class=\"item\">\n\n                    <div class=\"uc-card uc-card-noticia card-height--same\">\n            <a href=\"https:\/\/internacionalizacion.uc.cl\/en\/noticias-uc\/nuevas-colaboraciones-en-humanidades-y-ciencias-sociales-toman-impulso-con-la-global-humanities-alliance-en-la-uc\/\">\n            <img loading=\"lazy\" decoding=\"async\" width=\"1024\" height=\"683\" src=\"https:\/\/internacionalizacion.uc.cl\/wp-content\/uploads\/2026\/03\/IMG_0512_Edit-1024x683.jpg\" class=\"uc-card-img wp-post-image\" alt=\"\" srcset=\"https:\/\/internacionalizacion.uc.cl\/wp-content\/uploads\/2026\/03\/IMG_0512_Edit-1024x683.jpg 1024w, https:\/\/internacionalizacion.uc.cl\/wp-content\/uploads\/2026\/03\/IMG_0512_Edit-300x200.jpg 300w, https:\/\/internacionalizacion.uc.cl\/wp-content\/uploads\/2026\/03\/IMG_0512_Edit-768x512.jpg 768w, https:\/\/internacionalizacion.uc.cl\/wp-content\/uploads\/2026\/03\/IMG_0512_Edit-1536x1024.jpg 1536w, https:\/\/internacionalizacion.uc.cl\/wp-content\/uploads\/2026\/03\/IMG_0512_Edit-2048x1365.jpg 2048w, https:\/\/internacionalizacion.uc.cl\/wp-content\/uploads\/2026\/03\/IMG_0512_Edit-255x170.jpg 255w, https:\/\/internacionalizacion.uc.cl\/wp-content\/uploads\/2026\/03\/IMG_0512_Edit-272x182.jpg 272w\" sizes=\"auto, (max-width: 1024px) 100vw, 1024px\" \/>        <\/a>\n        <div class=\"uc-card_body\">\n        <p class=\"text-size--sm text-color--gray text--condensed\">\n            25 de March de 2026        <\/p>\n        <h3 class=\"h4\">\n            Nuevas colaboraciones en Humanidades y Ciencias Sociales toman impulso con la Global Humanities Alliance en la UC        <\/h3>\n        <div class=\"uc-text-divider divider-primary my-12\"><\/div>\n        <div class=\"text-right mt-auto\">\n            <a href=\"https:\/\/internacionalizacion.uc.cl\/en\/noticias-uc\/nuevas-colaboraciones-en-humanidades-y-ciencias-sociales-toman-impulso-con-la-global-humanities-alliance-en-la-uc\/\" class=\"uc-btn btn-inline\">Ver m\u00e1s\n                <i class=\"uc-icon icon-shape--rounded\">keyboard_arrow_right<\/i><\/a>\n        <\/div>\n    <\/div>\n<\/div>\n                <\/div>\n                            <div class=\"item\">\n\n                    <div class=\"uc-card uc-card-noticia card-height--same\">\n            <a href=\"https:\/\/internacionalizacion.uc.cl\/en\/noticias-uc\/estudiantes-uc-exploran-en-china-innovadoras-soluciones-para-combatir-la-pobreza\/\">\n            <img loading=\"lazy\" decoding=\"async\" width=\"1024\" height=\"767\" src=\"https:\/\/internacionalizacion.uc.cl\/wp-content\/uploads\/2026\/03\/WhatsApp-Image-2026-01-19-at-11.52.21-PM-1024x767.jpeg\" class=\"uc-card-img wp-post-image\" alt=\"\" srcset=\"https:\/\/internacionalizacion.uc.cl\/wp-content\/uploads\/2026\/03\/WhatsApp-Image-2026-01-19-at-11.52.21-PM-1024x767.jpeg 1024w, https:\/\/internacionalizacion.uc.cl\/wp-content\/uploads\/2026\/03\/WhatsApp-Image-2026-01-19-at-11.52.21-PM-300x225.jpeg 300w, https:\/\/internacionalizacion.uc.cl\/wp-content\/uploads\/2026\/03\/WhatsApp-Image-2026-01-19-at-11.52.21-PM-768x575.jpeg 768w, https:\/\/internacionalizacion.uc.cl\/wp-content\/uploads\/2026\/03\/WhatsApp-Image-2026-01-19-at-11.52.21-PM-227x170.jpeg 227w, https:\/\/internacionalizacion.uc.cl\/wp-content\/uploads\/2026\/03\/WhatsApp-Image-2026-01-19-at-11.52.21-PM.jpeg 1280w\" sizes=\"auto, (max-width: 1024px) 100vw, 1024px\" \/>        <\/a>\n        <div class=\"uc-card_body\">\n        <p class=\"text-size--sm text-color--gray text--condensed\">\n            19 de March de 2026        <\/p>\n        <h3 class=\"h4\">\n            Estudiantes UC exploran en China innovadoras soluciones para combatir la pobreza        <\/h3>\n        <div class=\"uc-text-divider divider-primary my-12\"><\/div>\n        <div class=\"text-right mt-auto\">\n            <a href=\"https:\/\/internacionalizacion.uc.cl\/en\/noticias-uc\/estudiantes-uc-exploran-en-china-innovadoras-soluciones-para-combatir-la-pobreza\/\" class=\"uc-btn btn-inline\">Ver m\u00e1s\n                <i class=\"uc-icon icon-shape--rounded\">keyboard_arrow_right<\/i><\/a>\n        <\/div>\n    <\/div>\n<\/div>\n                <\/div>\n                    <\/div>\n        <div class=\"carousel-track d-block d-lg-none\">\n            <div class=\"carousel-progress-indicator\"><\/div>\n        <\/div>\n        <div class=\"carousel-controls d-none d-lg-flex\">\n            <div class=\"prev\">\n                <svg width=\"48px\" height=\"16px\" viewBox=\"0 0 48 16\" version=\"1.1\" xmlns=\"http:\/\/www.w3.org\/2000\/svg\">\n                    <g stroke=\"none\" stroke-width=\"1\" fill=\"none\" fill-rule=\"evenodd\">\n                        <g transform=\"translate(-272.000000, 0.000000)\" fill=\"#0176DE\">\n                            <path d=\"M319.999999,7.99862356 C320,7.9990823 320,7.99954111 320,8 C320,8.00045889 320,8.0009177 319.999999,8.00137644 C319.999683,8.23695673 319.918232,8.47244231 319.755645,8.65920128 L313.646473,15.6766505 C313.296166,16.0790401 312.698312,16.1101069 312.311129,15.7460401 C311.923947,15.3819733 311.894054,14.7606376 312.244362,14.3582479 L316.909085,9 L273.088579,9 C272.487374,9 272,8.55228475 272,8 C272,7.44771525 272.487374,7 273.088579,7 L316.909085,7 L312.244362,1.64175206 C311.894054,1.23936242 311.923947,0.618026698 312.311129,0.253959882 C312.698312,-0.110106935 313.296166,-0.0790401485 313.646473,0.323349491 L319.755645,7.34079872 C319.918232,7.52755769 319.999683,7.76304327 319.999999,7.99862356 Z\" id=\"arrow-forward\"><\/path>\n                        <\/g>\n                    <\/g>\n                <\/svg>\n            <\/div>\n            <div class=\"uc-carousel_index\">\n                <span class=\"index-current current\"><\/span> \/\n                <span class=\"index-total\"><\/span>\n            <\/div>\n            <div class=\"next\">\n                <svg width=\"48px\" height=\"16px\" viewBox=\"0 0 48 16\" version=\"1.1\" xmlns=\"http:\/\/www.w3.org\/2000\/svg\">\n                    <g stroke=\"none\" stroke-width=\"1\" fill=\"none\" fill-rule=\"evenodd\">\n                        <g transform=\"translate(-272.000000, 0.000000)\" fill=\"#0176DE\">\n                            <path d=\"M319.999999,7.99862356 C320,7.9990823 320,7.99954111 320,8 C320,8.00045889 320,8.0009177 319.999999,8.00137644 C319.999683,8.23695673 319.918232,8.47244231 319.755645,8.65920128 L313.646473,15.6766505 C313.296166,16.0790401 312.698312,16.1101069 312.311129,15.7460401 C311.923947,15.3819733 311.894054,14.7606376 312.244362,14.3582479 L316.909085,9 L273.088579,9 C272.487374,9 272,8.55228475 272,8 C272,7.44771525 272.487374,7 273.088579,7 L316.909085,7 L312.244362,1.64175206 C311.894054,1.23936242 311.923947,0.618026698 312.311129,0.253959882 C312.698312,-0.110106935 313.296166,-0.0790401485 313.646473,0.323349491 L319.755645,7.34079872 C319.918232,7.52755769 319.999683,7.76304327 319.999999,7.99862356 Z\" id=\"arrow-forward\"><\/path>\n                        <\/g>\n                    <\/g>\n                <\/svg>\n            <\/div>\n        <\/div>\n    <\/div>\n\n\n<\/div><\/div><\/div><\/div><\/div><div class=\"mb-0\"><div id=\"pg-15423-13\"  class=\"container\" ><div class=\"mb-0 align-items-center row panel-row-style panel-row-style-for-15423-13\" id=\"agenda-uc\" ><div id=\"pgc-15423-13-0\"  class=\"col-md-8 col-12\" ><div id=\"panel-15423-13-0-0\" class=\"so-panel widget widget_sow-editor panel-first-child panel-last-child\" data-index=\"19\" ><div\n\t\t\t\n\t\t\tclass=\"so-widget-sow-editor so-widget-sow-editor-base\"\n\t\t\t\n\t\t><h3 class=\"widget-title d-flex align-items-center mb-20\">\r\nAgenda\r\n<span class=\"uc-heading-decoration\"><\/span>\r\n<\/h3>\n<div class=\"siteorigin-widget-tinymce textwidget\">\n\t<p>Find out about the events and activities organized by the Vice Rector's Office for International Affairs and other UC units related to internationalization.<\/p>\n<\/div>\n<\/div><\/div><\/div><div id=\"pgc-15423-13-1\"  class=\"col-md-4 col-12\" ><div id=\"panel-15423-13-1-0\" class=\"so-panel widget widget_sow-boton-uc panel-first-child panel-last-child\" data-index=\"20\" ><div\n\t\t\t\n\t\t\tclass=\"so-widget-sow-boton-uc so-widget-sow-boton-uc-default-d75171398898-17643\"\n\t\t\t\n\t\t>\n    <div class=\"text-md-right\">\n        <a href=\"https:\/\/www.uc.cl\/agenda\" class=\" uc-btn btn-inline\">\n            View all UC activities                            <i class=\"uc-icon icon-shape--rounded\">launch<\/i>\n                    <\/a>\n    <\/div>\n<\/div><\/div><\/div><\/div><\/div><\/div><div id=\"pg-15423-14\"  class=\"container\" ><div class=\"row panel-row-style panel-row-style-for-15423-14\" ><div id=\"pgc-15423-14-0\"  class=\"col-12\" ><div id=\"panel-15423-14-0-0\" class=\"so-panel widget widget_sow-eventos-uc panel-first-child panel-last-child\" data-index=\"21\" ><div\n\t\t\t\n\t\t\tclass=\"so-widget-sow-eventos-uc so-widget-sow-eventos-uc-default-d75171398898-17643\"\n\t\t\t\n\t\t>\n\n    <div\n        class=\"agenda-slider\"\n        data-host=\"https:\/\/api.agenda.uc.cl\/api\"\n        data-token=\"6df0835e4c0afb6be68001f838770198f6854aa66e45c9040364f8435ac78dfd9fa7c5ae16714f5a4f78cdbb7c4d25bc0d1f9c58853d68bb64e9fa32813f592f51cd011378cca92050efc2db693ce5e358a920807b3e70999b3a8d6022359533e75efbeedeb97f042811058c80c104738c84cb9a7d700fc47f5ec679392a371e\"\n        data-items=\"3\"\n        data-organizers=\"266\">\n    <\/div>\n<\/div><\/div><\/div><\/div><\/div><div id=\"pg-15423-15\"  class=\"container-fluid\" ><div class=\"siteorigin-panels-stretch row panel-row-style panel-row-style-for-15423-15\" data-stretch-type=\"full\" ><div id=\"pgc-15423-15-0\"  class=\"col-md-12 py-40\" ><div id=\"panel-15423-15-0-0\" class=\"so-panel widget widget_siteorigin-panels-builder panel-first-child panel-last-child\" data-index=\"22\" ><div id=\"pl-w6823c6b255a12\"  class=\"panel-layout\" ><div id=\"pg-w6823c6b255a12-0\"  class=\"container\" ><div class=\"row panel-row-style panel-row-style-for-w6823c6b255a12-0\" ><div id=\"pgc-w6823c6b255a12-0-0\"  class=\"col-md-12\" ><div id=\"panel-w6823c6b255a12-0-0-0\" class=\"so-panel widget widget_sow-editor panel-first-child\" data-index=\"0\" ><div\n\t\t\t\n\t\t\tclass=\"so-widget-sow-editor so-widget-sow-editor-base\"\n\t\t\t\n\t\t><h3 class=\"widget-title d-flex align-items-center mb-20\">\r\nSites of Interest\r\n<span class=\"uc-heading-decoration\"><\/span>\r\n<\/h3>\n<div class=\"siteorigin-widget-tinymce textwidget\">\n\t<p>The Vice Rector's Office for International Affairs is directly associated with other internal and external units of the UC that seek to promote internationalization in Chilean higher education in a cross-cutting manner.<\/p>\n<\/div>\n<\/div><\/div><div id=\"panel-w6823c6b255a12-0-0-1\" class=\"so-panel widget widget_sow-sitios-interes-uc\" data-index=\"1\" ><div class=\"d-none d-md-block panel-widget-style panel-widget-style-for-w6823c6b255a12-0-0-1\" ><div\n\t\t\t\n\t\t\tclass=\"so-widget-sow-sitios-interes-uc so-widget-sow-sitios-interes-uc-default-d75171398898\"\n\t\t\t\n\t\t>\n\n\n    <div\n        id=\"uc-carousel-sitios_interes-uc-5\"\n        class=\"uc-carousel-cards\"\n        data-carousel=\"uc-carousel-sitios_interes_content-uc-5\"\n        data-type=\"cards\"\n        data-items=\"4\"\n        data-sm-items=\"2\"\n        data-slideby=\"1\"\n        data-loop=\"false\"\n        data-controls=\"true\"\n        data-speed=\"500\"\n        data-autoplay-text=\"true\"\n        data-prev-button=\"#uc-carousel-sitios_interes-uc-5 .carousel-controls .prev\"\n        data-next-button=\"#uc-carousel-sitios_interes-uc-5 .carousel-controls .next\"\n        data-counter=\"true\"\n        data-track=\"true\">\n        <div class=\"uc-carousel-sitios_interes_content-uc-5 uc-carousel-sitios_interes_content\">\n                            <div class=\"item\">\n                    <div class=\"uc-card card-bg--image card-type--rect\">\n                        <a href=\"\" target=\"_blank\">\n                            <img decoding=\"async\"\n                                class=\"uc-card-img\"\n                                src=\"https:\/\/internacionalizacion.uc.cl\/wp-content\/uploads\/2025\/05\/Portada-recursos_Mesa-de-trabajo-1.jpg\"\n                                alt=\"Logo de Resources for Internationalization in Chile\" \/>\n                        <\/a>\n                    <\/div>\n                <\/div>\n                            <div class=\"item\">\n                    <div class=\"uc-card card-bg--image card-type--rect\">\n                        <a href=\"\" target=\"_blank\">\n                            <img decoding=\"async\"\n                                class=\"uc-card-img\"\n                                src=\"https:\/\/internacionalizacion.uc.cl\/wp-content\/uploads\/2025\/04\/Sitios-de-Interes-Internacionalizacion-uc-cl-01.jpg\"\n                                alt=\"Logo de Council of Rectors of Chilean Universities\" \/>\n                        <\/a>\n                    <\/div>\n                <\/div>\n                            <div class=\"item\">\n                    <div class=\"uc-card card-bg--image card-type--rect\">\n                        <a href=\"\" target=\"_blank\">\n                            <img decoding=\"async\"\n                                class=\"uc-card-img\"\n                                src=\"https:\/\/internacionalizacion.uc.cl\/wp-content\/uploads\/2025\/04\/Sitios-de-Interes-Internacionalizacion-uc-cl-02.jpg\"\n                                alt=\"Logo de Education USA\" \/>\n                        <\/a>\n                    <\/div>\n                <\/div>\n                            <div class=\"item\">\n                    <div class=\"uc-card card-bg--image card-type--rect\">\n                        <a href=\"\" target=\"_blank\">\n                            <img decoding=\"async\"\n                                class=\"uc-card-img\"\n                                src=\"https:\/\/internacionalizacion.uc.cl\/wp-content\/uploads\/2025\/04\/Sitios-de-Interes-Internacionalizacion-uc-cl-03.jpg\"\n                                alt=\"Logo de Confucius Institute UC\" \/>\n                        <\/a>\n                    <\/div>\n                <\/div>\n                            <div class=\"item\">\n                    <div class=\"uc-card card-bg--image card-type--rect\">\n                        <a href=\"\" target=\"_blank\">\n                            <img decoding=\"async\"\n                                class=\"uc-card-img\"\n                                src=\"https:\/\/internacionalizacion.uc.cl\/wp-content\/uploads\/2025\/04\/Sitios-de-Interes-Internacionalizacion-uc-cl-04.jpg\"\n                                alt=\"Logo de Learn Chile\" \/>\n                        <\/a>\n                    <\/div>\n                <\/div>\n                    <\/div>\n        <div class=\"carousel-track d-block d-lg-none\">\n            <div class=\"carousel-progress-indicator\"><\/div>\n        <\/div>\n        <div class=\"carousel-controls d-none d-lg-flex\">\n            <div class=\"prev\">\n                <svg width=\"48px\" height=\"16px\" viewBox=\"0 0 48 16\" version=\"1.1\" xmlns=\"http:\/\/www.w3.org\/2000\/svg\">\n                    <g stroke=\"none\" stroke-width=\"1\" fill=\"none\" fill-rule=\"evenodd\">\n                        <g transform=\"translate(-272.000000, 0.000000)\" fill=\"#0176DE\">\n                            <path d=\"M319.999999,7.99862356 C320,7.9990823 320,7.99954111 320,8 C320,8.00045889 320,8.0009177 319.999999,8.00137644 C319.999683,8.23695673 319.918232,8.47244231 319.755645,8.65920128 L313.646473,15.6766505 C313.296166,16.0790401 312.698312,16.1101069 312.311129,15.7460401 C311.923947,15.3819733 311.894054,14.7606376 312.244362,14.3582479 L316.909085,9 L273.088579,9 C272.487374,9 272,8.55228475 272,8 C272,7.44771525 272.487374,7 273.088579,7 L316.909085,7 L312.244362,1.64175206 C311.894054,1.23936242 311.923947,0.618026698 312.311129,0.253959882 C312.698312,-0.110106935 313.296166,-0.0790401485 313.646473,0.323349491 L319.755645,7.34079872 C319.918232,7.52755769 319.999683,7.76304327 319.999999,7.99862356 Z\" id=\"arrow-forward\"><\/path>\n                        <\/g>\n                    <\/g>\n                <\/svg>\n            <\/div>\n            <div class=\"uc-carousel_index\">\n                <span class=\"index-current current\"><\/span> \/\n                <span class=\"index-total\"><\/span>\n            <\/div>\n            <div class=\"next\">\n                <svg\n                    width=\"48px\"\n                    height=\"16px\"\n                    viewBox=\"0 0 48 16\"\n                    version=\"1.1\"\n                    xmlns=\"http:\/\/www.w3.org\/2000\/svg\">\n                    <g stroke=\"none\" stroke-width=\"1\" fill=\"none\" fill-rule=\"evenodd\">\n                        <g transform=\"translate(-272.000000, 0.000000)\" fill=\"#0176DE\">\n                            <path\n                                d=\"M319.999999,7.99862356 C320,7.9990823 320,7.99954111 320,8 C320,8.00045889 320,8.0009177 319.999999,8.00137644 C319.999683,8.23695673 319.918232,8.47244231 319.755645,8.65920128 L313.646473,15.6766505 C313.296166,16.0790401 312.698312,16.1101069 312.311129,15.7460401 C311.923947,15.3819733 311.894054,14.7606376 312.244362,14.3582479 L316.909085,9 L273.088579,9 C272.487374,9 272,8.55228475 272,8 C272,7.44771525 272.487374,7 273.088579,7 L316.909085,7 L312.244362,1.64175206 C311.894054,1.23936242 311.923947,0.618026698 312.311129,0.253959882 C312.698312,-0.110106935 313.296166,-0.0790401485 313.646473,0.323349491 L319.755645,7.34079872 C319.918232,7.52755769 319.999683,7.76304327 319.999999,7.99862356 Z\"\n                                id=\"arrow-forward\"><\/path>\n                        <\/g>\n                    <\/g>\n                <\/svg>\n            <\/div>\n        <\/div>\n    <\/div>\n\n\n<\/div><\/div><\/div><div id=\"panel-w6823c6b255a12-0-0-2\" class=\"so-panel widget widget_sow-sitios-interes-uc panel-last-child\" data-index=\"2\" ><div class=\"d-md-none panel-widget-style panel-widget-style-for-w6823c6b255a12-0-0-2\" ><div\n\t\t\t\n\t\t\tclass=\"so-widget-sow-sitios-interes-uc so-widget-sow-sitios-interes-uc-default-d75171398898\"\n\t\t\t\n\t\t>\n            <a href=\"\" class=\"uc-btn btn-listed\">\n            Resources for Internationalization in Chile            <i class=\"uc-icon icon-shape--rounded icon-size--sm\">arrow_forward<\/i>\n        <\/a>\n            <a href=\"\" class=\"uc-btn btn-listed\">\n            Council of Rectors of Chilean Universities            <i class=\"uc-icon icon-shape--rounded icon-size--sm\">arrow_forward<\/i>\n        <\/a>\n            <a href=\"\" class=\"uc-btn btn-listed\">\n            Education USA            <i class=\"uc-icon icon-shape--rounded icon-size--sm\">arrow_forward<\/i>\n        <\/a>\n            <a href=\"\" class=\"uc-btn btn-listed\">\n            Confucius Institute UC            <i class=\"uc-icon icon-shape--rounded icon-size--sm\">arrow_forward<\/i>\n        <\/a>\n            <a href=\"\" class=\"uc-btn btn-listed\">\n            Learn Chile            <i class=\"uc-icon icon-shape--rounded icon-size--sm\">arrow_forward<\/i>\n        <\/a>\n    \n<\/div><\/div><\/div><\/div><\/div><\/div><\/div><\/div><\/div><\/div><\/div><\/div>","protected":false},"excerpt":{"rendered":"<p>Conectados con el mundo La Pontificia Universidad Cat\u00f3lica de Chile se posiciona como una universidad l\u00edder a nivel internacional A trav\u00e9s de la participaci\u00f3n en redes internacionales, convenios y el relacionamiento estrat\u00e9gico, promovemos el trabajo colaborativo en el desarrollo de nuevo conocimiento y di\u00e1logos globales con socios internacionales. Ir a Vinculaci\u00f3n Global arrow_forward Oportunidades de [&hellip;]<\/p>\n","protected":false},"author":1,"featured_media":0,"parent":0,"menu_order":0,"comment_status":"closed","ping_status":"closed","template":"","meta":{"footnotes":""},"class_list":["post-15423","page","type-page","status-publish","hentry"],"yoast_head":"<!-- This site is optimized with the Yoast SEO plugin v25.8 - https:\/\/yoast.com\/wordpress\/plugins\/seo\/ -->\n<title>Internacionalizaci\u00f3n en la UC<\/title>\n<meta name=\"description\" content=\"Discover mobility programs, global networks, and intercultural experiences for a university education without borders.\" \/>\n<meta name=\"robots\" content=\"index, follow, max-snippet:-1, max-image-preview:large, max-video-preview:-1\" \/>\n<link rel=\"canonical\" href=\"https:\/\/internacionalizacion.uc.cl\/en\/\" \/>\n<meta property=\"og:locale\" content=\"en_US\" \/>\n<meta property=\"og:type\" content=\"article\" \/>\n<meta property=\"og:title\" content=\"Internacionalizaci\u00f3n en la UC\" \/>\n<meta property=\"og:description\" content=\"Discover mobility programs, global networks, and intercultural experiences for a university education without borders.\" \/>\n<meta property=\"og:url\" content=\"https:\/\/internacionalizacion.uc.cl\/en\/\" \/>\n<meta property=\"og:site_name\" content=\"Internacionalizaci\u00f3n en la UC\" \/>\n<meta property=\"article:modified_time\" content=\"2026-04-17T16:56:21+00:00\" \/>\n<meta name=\"twitter:card\" content=\"summary_large_image\" \/>\n<meta name=\"twitter:label1\" content=\"Est. reading time\" \/>\n\t<meta name=\"twitter:data1\" content=\"10 minutes\" \/>\n<script type=\"application\/ld+json\" class=\"yoast-schema-graph\">{\"@context\":\"https:\/\/schema.org\",\"@graph\":[{\"@type\":\"WebPage\",\"@id\":\"https:\/\/internacionalizacion.uc.cl\/en\/\",\"url\":\"https:\/\/internacionalizacion.uc.cl\/en\/\",\"name\":\"Internacionalizaci\u00f3n en la UC\",\"isPartOf\":{\"@id\":\"https:\/\/internacionalizacion.uc.cl\/en\/#website\"},\"datePublished\":\"2025-01-20T20:53:41+00:00\",\"dateModified\":\"2026-04-17T16:56:21+00:00\",\"description\":\"Discover mobility programs, global networks, and intercultural experiences for a university education without borders.\",\"breadcrumb\":{\"@id\":\"https:\/\/internacionalizacion.uc.cl\/en\/#breadcrumb\"},\"inLanguage\":\"en-US\",\"potentialAction\":[{\"@type\":\"ReadAction\",\"target\":[\"https:\/\/internacionalizacion.uc.cl\/en\/\"]}]},{\"@type\":\"BreadcrumbList\",\"@id\":\"https:\/\/internacionalizacion.uc.cl\/en\/#breadcrumb\",\"itemListElement\":[{\"@type\":\"ListItem\",\"position\":1,\"name\":\"Portada\",\"item\":\"https:\/\/internacionalizacion.uc.cl\/en\/home\/\"},{\"@type\":\"ListItem\",\"position\":2,\"name\":\"Home\"}]},{\"@type\":\"WebSite\",\"@id\":\"https:\/\/internacionalizacion.uc.cl\/en\/#website\",\"url\":\"https:\/\/internacionalizacion.uc.cl\/en\/\",\"name\":\"Internacionalizaci\u00f3n en la UC\",\"description\":\"\",\"potentialAction\":[{\"@type\":\"SearchAction\",\"target\":{\"@type\":\"EntryPoint\",\"urlTemplate\":\"https:\/\/internacionalizacion.uc.cl\/en\/?s={search_term_string}\"},\"query-input\":{\"@type\":\"PropertyValueSpecification\",\"valueRequired\":true,\"valueName\":\"search_term_string\"}}],\"inLanguage\":\"en-US\"}]}<\/script>\n<!-- \/ Yoast SEO plugin. -->","yoast_head_json":{"title":"Internacionalizaci\u00f3n en la UC","description":"Discover mobility programs, global networks, and intercultural experiences for a university education without borders.","robots":{"index":"index","follow":"follow","max-snippet":"max-snippet:-1","max-image-preview":"max-image-preview:large","max-video-preview":"max-video-preview:-1"},"canonical":"https:\/\/internacionalizacion.uc.cl\/en\/","og_locale":"en_US","og_type":"article","og_title":"Internacionalizaci\u00f3n en la UC","og_description":"Discover mobility programs, global networks, and intercultural experiences for a university education without borders.","og_url":"https:\/\/internacionalizacion.uc.cl\/en\/","og_site_name":"Internacionalizaci\u00f3n en la UC","article_modified_time":"2026-04-17T16:56:21+00:00","twitter_card":"summary_large_image","twitter_misc":{"Est. reading time":"10 minutes"},"schema":{"@context":"https:\/\/schema.org","@graph":[{"@type":"WebPage","@id":"https:\/\/internacionalizacion.uc.cl\/en\/","url":"https:\/\/internacionalizacion.uc.cl\/en\/","name":"Internacionalizaci\u00f3n en la UC","isPartOf":{"@id":"https:\/\/internacionalizacion.uc.cl\/en\/#website"},"datePublished":"2025-01-20T20:53:41+00:00","dateModified":"2026-04-17T16:56:21+00:00","description":"Discover mobility programs, global networks, and intercultural experiences for a university education without borders.","breadcrumb":{"@id":"https:\/\/internacionalizacion.uc.cl\/en\/#breadcrumb"},"inLanguage":"en-US","potentialAction":[{"@type":"ReadAction","target":["https:\/\/internacionalizacion.uc.cl\/en\/"]}]},{"@type":"BreadcrumbList","@id":"https:\/\/internacionalizacion.uc.cl\/en\/#breadcrumb","itemListElement":[{"@type":"ListItem","position":1,"name":"Portada","item":"https:\/\/internacionalizacion.uc.cl\/en\/home\/"},{"@type":"ListItem","position":2,"name":"Home"}]},{"@type":"WebSite","@id":"https:\/\/internacionalizacion.uc.cl\/en\/#website","url":"https:\/\/internacionalizacion.uc.cl\/en\/","name":"Internacionalizaci\u00f3n en la UC","description":"","potentialAction":[{"@type":"SearchAction","target":{"@type":"EntryPoint","urlTemplate":"https:\/\/internacionalizacion.uc.cl\/en\/?s={search_term_string}"},"query-input":{"@type":"PropertyValueSpecification","valueRequired":true,"valueName":"search_term_string"}}],"inLanguage":"en-US"}]}},"_links":{"self":[{"href":"https:\/\/internacionalizacion.uc.cl\/en\/wp-json\/wp\/v2\/pages\/15423","targetHints":{"allow":["GET"]}}],"collection":[{"href":"https:\/\/internacionalizacion.uc.cl\/en\/wp-json\/wp\/v2\/pages"}],"about":[{"href":"https:\/\/internacionalizacion.uc.cl\/en\/wp-json\/wp\/v2\/types\/page"}],"author":[{"embeddable":true,"href":"https:\/\/internacionalizacion.uc.cl\/en\/wp-json\/wp\/v2\/users\/1"}],"replies":[{"embeddable":true,"href":"https:\/\/internacionalizacion.uc.cl\/en\/wp-json\/wp\/v2\/comments?post=15423"}],"version-history":[{"count":8,"href":"https:\/\/internacionalizacion.uc.cl\/en\/wp-json\/wp\/v2\/pages\/15423\/revisions"}],"predecessor-version":[{"id":17467,"href":"https:\/\/internacionalizacion.uc.cl\/en\/wp-json\/wp\/v2\/pages\/15423\/revisions\/17467"}],"wp:attachment":[{"href":"https:\/\/internacionalizacion.uc.cl\/en\/wp-json\/wp\/v2\/media?parent=15423"}],"curies":[{"name":"wp","href":"https:\/\/api.w.org\/{rel}","templated":true}]}}